{"id":3,"date":"2023-09-04T00:58:17","date_gmt":"2023-09-03T22:58:17","guid":{"rendered":"http:\/\/charpentier-avocats.fr\/?page_id=3"},"modified":"2025-10-04T20:15:29","modified_gmt":"2025-10-04T18:15:29","slug":"mention-legales","status":"publish","type":"page","link":"https:\/\/charpentier-avocats.fr\/index.php\/mention-legales\/","title":{"rendered":"Fanny CHARPENTIER &#8211; Mention l\u00e9gales"},"content":{"rendered":"\n<style type=\"text\/css\" data-created_by=\"avia_inline_auto\" id=\"style-css-av-mgat40kc-0ed9a0514afe7c9d98c5a43e38069241\">\n.avia-section.av-mgat40kc-0ed9a0514afe7c9d98c5a43e38069241 .av-parallax .av-parallax-inner{\nbackground-repeat:no-repeat;\nbackground-image:url(https:\/\/charpentier-avocats.fr\/wp-content\/uploads\/2025\/10\/maintenance-1.jpg);\nbackground-position:50% 50%;\nbackground-attachment:scroll;\n}\n<\/style>\n<div id='av_section_1'  class='avia-section av-mgat40kc-0ed9a0514afe7c9d98c5a43e38069241 main_color avia-section-no-padding avia-no-border-styling  avia-builder-el-0  el_before_av_section  avia-builder-el-first  av-parallax-section avia-bg-style-parallax container_wrap sidebar_right'  data-section-bg-repeat='no-repeat'><div class='av-parallax' data-avia-parallax-ratio='0.3' ><div class='av-parallax-inner main_color avia-full-stretch'><\/div><\/div><div class='container av-section-cont-open' ><main  role=\"main\" itemprop=\"mainContentOfPage\"  class='template-page content  av-content-small alpha units'><div class='post-entry post-entry-type-page post-entry-3'><div class='entry-content-wrapper clearfix'>\n<div  class='flex_column av-bw2d-774102754c60b7b54f48aa1fc1874580 av_one_fourth  avia-builder-el-1  el_before_av_one_half  avia-builder-el-first  first flex_column_div  '     ><\/div>\n<style type=\"text\/css\" data-created_by=\"avia_inline_auto\" id=\"style-css-av-mgat50jq-ade5f344a12438f6942194170f38e140\">\n.flex_column.av-mgat50jq-ade5f344a12438f6942194170f38e140{\npadding:50px 50px 50px 50px;\nbackground-color:rgba(0,0,0,0.6);\n}\n<\/style>\n<div  class='flex_column av-mgat50jq-ade5f344a12438f6942194170f38e140 av_one_half  avia-builder-el-2  el_after_av_one_fourth  avia-builder-el-last  flex_column_div  '     ><p>\n<style type=\"text\/css\" data-created_by=\"avia_inline_auto\" id=\"style-css-av-mgat5edw-8c055e844b6447b501cbf6b744be5f1c\">\n#top .hr.hr-invisible.av-mgat5edw-8c055e844b6447b501cbf6b744be5f1c{\nheight:100px;\n}\n<\/style>\n<div  class='hr av-mgat5edw-8c055e844b6447b501cbf6b744be5f1c hr-invisible  avia-builder-el-3  el_before_av_textblock  avia-builder-el-first  av-small-hide av-mini-hide'><span class='hr-inner '><span class=\"hr-inner-style\"><\/span><\/span><\/div><br \/>\n\n<style type=\"text\/css\" data-created_by=\"avia_inline_auto\" id=\"style-css-av-mgat61ei-65ec58168b5d32b52c2c5626d77b4cad\">\n#top .av_textblock_section.av-mgat61ei-65ec58168b5d32b52c2c5626d77b4cad .avia_textblock{\ncolor:#ffffff;\n}\n<\/style>\n<section  class='av_textblock_section av-mgat61ei-65ec58168b5d32b52c2c5626d77b4cad '   itemscope=\"itemscope\" itemtype=\"https:\/\/schema.org\/CreativeWork\" ><div class='avia_textblock av_inherit_color'  itemprop=\"text\" ><h1 style=\"text-align: center; text-transform: capitalize;\">Mentions l\u00e9gales<\/h1>\n<\/div><\/section><br \/>\n\n<style type=\"text\/css\" data-created_by=\"avia_inline_auto\" id=\"style-css-av-9kv3-313b3bccf4ee86b594219336bdec1f41\">\n#top .hr.hr-invisible.av-9kv3-313b3bccf4ee86b594219336bdec1f41{\nheight:100px;\n}\n<\/style>\n<div  class='hr av-9kv3-313b3bccf4ee86b594219336bdec1f41 hr-invisible  avia-builder-el-5  el_after_av_textblock  avia-builder-el-last  av-small-hide av-mini-hide'><span class='hr-inner '><span class=\"hr-inner-style\"><\/span><\/span><\/div><\/p><\/div><\/div><\/div><\/main><!-- close content main element --><\/div><\/div><div id='av_section_2'  class='avia-section av-ozj-9d5a17c32c7d3aafd3d43217aef1ea19 main_color avia-section-default avia-no-border-styling  avia-builder-el-6  el_after_av_section  avia-builder-el-last  avia-bg-style-scroll container_wrap sidebar_right'  ><div class='container av-section-cont-open' ><div class='template-page content  av-content-small alpha units'><div class='post-entry post-entry-type-page post-entry-3'><div class='entry-content-wrapper clearfix'>\n<div  class='flex_column av-65ur-18a4d40a46b49a81b477a283c54c8e2c av_one_half  avia-builder-el-7  el_before_av_one_half  avia-builder-el-first  first flex_column_div  '     ><section  class='av_textblock_section av-mgatbkpk-1653b11e7a1323482d6c317ed4348a94 '   itemscope=\"itemscope\" itemtype=\"https:\/\/schema.org\/CreativeWork\" ><div class='avia_textblock'  itemprop=\"text\" ><h4 style=\"color: #bb9b64; line-height: 1.2em; text-transform: uppercase;\">\u00c9DITEUR<\/h4>\n<p><strong>Fanny Charpentier \u2013 Avocate<\/strong><br \/>\n26 Avenue de Saint Cloud,<br \/>\n78000 Versailles<\/p>\n<ul>\n<li>Email: <a href=\"mailto:contact@charpentier-avocats.fr\">contact@charpentier-avocats.fr<\/a><\/li>\n<li>Siret : 429 246 382 00023<\/li>\n<li>N\u00b0 TVA Intracommunautaire : FR41 429 246 382<\/li>\n<\/ul>\n<h4 style=\"color: #bb9b64; line-height: 1.2em; text-transform: uppercase;\">H\u00c9BERGEMENT<\/h4>\n<p><strong>SASU MBS Informatique<\/strong><br \/>\n48 route de Nonancourt<br \/>\n27810 Marcilly sur Eure<\/p>\n<ul>\n<li>Email : <a href=\"mailto:contact@mbsinfo.fr\">contact@mbsinfo.fr<\/a><\/li>\n<li>Siret : 52517984200022<\/li>\n<li>N\u00b0 TVA Intracommunautaire : FR63525179842<\/li>\n<\/ul>\n<h4 style=\"color: #bb9b64; line-height: 1.2em; text-transform: uppercase;\">CONCEPTION ET R\u00c9ALISATION<\/h4>\n<p>Julie Damiral<\/p>\n<h4 style=\"color: #bb9b64; line-height: 1.2em; text-transform: uppercase;\">PROPRI\u00c9T\u00c9 INTELLECTUELLE<\/h4>\n<p style=\"text-align: justify;\">Tous les \u00e9l\u00e9ments de ce site internet sont la propri\u00e9t\u00e9 de Fanny Charpentier, \u00e0 l\u2019exclusion des \u00e9l\u00e9ments \u00e9manant de ses partenaires, et sont prot\u00e9g\u00e9s \u00e0 ce titre par la l\u00e9gislation relative aux droits d\u2019auteur et au droit \u00e0 l\u2019image.<\/p>\n<p style=\"text-align: justify;\">Vous ne pouvez en aucun cas utiliser, distribuer, copier, reproduire, modifier, d\u00e9naturer ou transmettre le site ou des \u00e9l\u00e9ments du site tels que, sans que cette liste soit limitative, les textes, images, sons ou marques et logos sans l\u2019autorisation \u00e9crite et pr\u00e9alable de Fanny Charpentier ou des titulaires des droits.<\/p>\n<p style=\"text-align: justify;\">Le non-respect de cette interdiction peut constituer une contrefa\u00e7on des droits de propri\u00e9t\u00e9 intellectuelle ou une atteinte aux droits des personnes et peut \u00e0 ce titre engager votre responsabilit\u00e9, y compris dans le cadre d\u2019une action p\u00e9nale.<\/p>\n<h4 style=\"color: #bb9b64; line-height: 1.2em; text-transform: uppercase;\">INFORMATIONS CONTENUES DANS LE SITE<\/h4>\n<p style=\"text-align: justify;\">Les informations fournies sur le site <a href=\"https:\/\/charpentier-avocats.fr\/\">https:\/\/charpentier-avocats.fr\/<\/a> le sont \u00e0 titre informatif.<\/p>\n<p style=\"text-align: justify;\">Fanny Charpentier ne saurait garantir l\u2019exactitude, la compl\u00e9tude, l\u2019actualit\u00e9 des informations diffus\u00e9es sur le site. Fanny Charpentier met tout en oeuvre pour offrir aux utilisateurs des informations et des outils disponibles et v\u00e9rifi\u00e9s, mais ne saurait \u00eatre tenu pour responsable des erreurs, des omissions et d\u2019une absence de disponibilit\u00e9 des informations et des services. En cons\u00e9quence, l\u2019utilisateur reconna\u00eet utiliser ces informations sous sa responsabilit\u00e9 exclusive.<\/p>\n<p style=\"text-align: justify;\">D\u2019une mani\u00e8re g\u00e9n\u00e9rale, Fanny Charpentier ne pourra \u00eatre tenue responsable de tous les dommages directs ou indirects r\u00e9sultant de l\u2019utilisation du site https:\/\/charpentier-avocats.fr\/<\/p>\n<p>Les sites ext\u00e9rieurs \u00e0 Fanny Charpentier ayant un lien hypertexte avec le pr\u00e9sent site ne sont pas sous son contr\u00f4le et Fanny<\/p>\n<p style=\"text-align: justify;\">Charpentier d\u00e9cline par cons\u00e9quent toute responsabilit\u00e9 quant \u00e0 leur contenu. L\u2019utilisateur est seul responsable de leur utilisation.<\/p>\n<h4 style=\"color: #bb9b64; line-height: 1.2em; text-transform: uppercase;\">POLITIQUE DE CONFIDENTIALITE ET PROTECTION DES DONNEES PERSONNELLES<\/h4>\n<p style=\"text-align: justify;\">Nous attachons une importance toute particuli\u00e8re \u00e0 la protection de vos donn\u00e9es personnelles. La pr\u00e9sente politique de confidentialit\u00e9 a vocation \u00e0 d\u00e9tailler de mani\u00e8re transparente la mani\u00e8re dont nous recueillons, stockons, utilisons et divulguons vos donn\u00e9es personnelles lorsque vous utilisez notre site internet.<\/p>\n<p style=\"text-align: justify;\">L&#8217;utilisateur du site Internet reconna\u00eet disposer de la comp\u00e9tence et des moyens n\u00e9cessaires pour acc\u00e9der et utiliser ce site. Il reconna\u00eet \u00e9galement avoir pris connaissance de la pr\u00e9sente notice l\u00e9gale et s&#8217;engage \u00e0 la respecter.<\/p>\n<p><strong>Nature des donn\u00e9es collect\u00e9es<\/strong><\/p>\n<p style=\"text-align: justify;\">Me Fanny CHARPENTIER n&#8217;enregistre pas d&#8217;informations personnelles permettant l&#8217;identification, \u00e0 l&#8217;exception du formulaire de contact que l&#8217;utilisateur est libre de remplir.<\/p>\n<p style=\"text-align: justify;\">Les renseignements personnels collect\u00e9s par le biais du formulaire de contact sont : nom, pr\u00e9nom, adresse postale, num\u00e9ro de t\u00e9l\u00e9phone ou adresse mail.<\/p>\n<\/div><\/section><\/div><div  class='flex_column av-2zvp-f5c58f1a7025df3c427704fc1972f8ba av_one_half  avia-builder-el-9  el_after_av_one_half  avia-builder-el-last  flex_column_div  '     ><section  class='av_textblock_section av-mgat712o-a58df666437f0960d32e62ab6c273891 '   itemscope=\"itemscope\" itemtype=\"https:\/\/schema.org\/CreativeWork\" ><div class='avia_textblock'  itemprop=\"text\" ><p style=\"text-align: justify;\">Les informations recueillies par le biais de notre site font l\u2019objet d\u2019un traitement informatique destin\u00e9 \u00e0 la demande de contact, la prise de rendez-vous, l\u2019\u00e9tablissement d\u2019un devis ou plus g\u00e9n\u00e9ralement toute communication dans le cadre de la relation client-avocat.<\/p>\n<p style=\"text-align: justify;\">En aucun cas vos donn\u00e9es ne pourront \u00eatre transmises \u00e0 des tiers \u00e0 des fins commerciales et marketing.<\/p>\n<p><strong>Gestion des cookies<\/strong><br \/>\nNotre site n\u2019utilise pas de cookies.<\/p>\n<p><strong>Dur\u00e9e de conservation des donn\u00e9es<\/strong><\/p>\n<p style=\"text-align: justify;\">Vos informations personnelles sont conserv\u00e9es uniquement pour le temps correspondant \u00e0 la finalit\u00e9 de la collecte et durant 5 ans \u00e0 compter du dernier \u00e9change client-avocat.<\/p>\n<p><strong>Utilisation et transmission de vos donn\u00e9es personnelles<\/strong><\/p>\n<p style=\"text-align: justify;\">Nous pouvons \u00eatre amen\u00e9s \u00e0 les transf\u00e9rer \u00e0 des tiers tels que notre prestataire informatique, notre h\u00e9bergeur, &#8230; Nous vous garantissons cependant qu&#8217;elles seront transf\u00e9r\u00e9es selon un protocole s\u00e9curis\u00e9 et trait\u00e9es par ces derniers avec le plus grand soin et le maximum de s\u00e9curit\u00e9.<\/p>\n<p style=\"text-align: justify;\">Les droits que vous avez sur vos donn\u00e9es Conform\u00e9ment aux articles 13 et 14 du r\u00e8glement (UE) g\u00e9n\u00e9ral sur la protection des donn\u00e9es 2016\/679 du Parlement europ\u00e9en et du Conseil du 27 avril 2016 et l\u2019article 32 de la loi \u00ab informatique et libert\u00e9s \u00bb du 6 janvier 1978 modifi\u00e9e en 2004, vous \u00eates inform\u00e9 que :<\/p>\n<ul>\n<li>Le destinataire des donn\u00e9es est Me Fanny CHARPENTIER, Avocat, exer\u00e7ant 26 avenue de Saint Cloud 78000 Versailles.<\/li>\n<li>Vous b\u00e9n\u00e9ficiez d\u2019un droit d\u2019acc\u00e8s, de rectification ou d\u2019effacement de vos donn\u00e9es personnelles que vous pouvez demander au responsable du traitement soit \u00e0 Me Fanny CHARPENTIER.<\/li>\n<li>Vous b\u00e9n\u00e9ficiez du droit de demander une limitation du traitement de vos donn\u00e9es personnelles.<\/li>\n<li>Vous b\u00e9n\u00e9ficiez du droit de vous opposer au traitement de vos donn\u00e9es personnelles et du droit \u00e0 la portabilit\u00e9 de vos donn\u00e9es.<\/li>\n<li>Vous pouvez retirer votre consentement au traitement de vos donn\u00e9es personnelles et ceci \u00e0 tout moment en \u00e9crivant au responsable du traitement soit \u00e0 Me Fanny CHARPENTIER &#8211; Vous pouvez introduire une r\u00e9clamation aupr\u00e8s de la CNIL si vous estimez que la protection de vos donn\u00e9es personnelles n\u2019a pas \u00e9t\u00e9 assur\u00e9e par le responsable du traitement.<\/li>\n<\/ul>\n<p><strong>Modification de notre politique de confidentialit\u00e9<\/strong><\/p>\n<p style=\"text-align: justify;\">Nous pouvons \u00eatre amen\u00e9 \u00e0 modifier occasionnellement la pr\u00e9sente politique de confidentialit\u00e9. Lorsque cela est n\u00e9cessaire, nous vous en informerons et\/ou solliciterons votre accord. Nous vous conseillons de consulter r\u00e9guli\u00e8rement cette page pour prendre connaissance des \u00e9ventuelles modifications ou mises \u00e0 jour apport\u00e9es \u00e0 notre politique de confidentialit\u00e9.<\/p>\n<p><strong>Contact<\/strong><\/p>\n<p style=\"text-align: justify;\">Pour toute question relative \u00e0 la pr\u00e9sente politique de confidentialit\u00e9 ou pour toute demande relative \u00e0 vos donn\u00e9es personnelles, vous pouvez nous contacter en :<\/p>\n<ul>\n<li>Adressant un message via le formulaire du site.<\/li>\n<li>Ou en nous adressant un courrier \u00e0 l\u2019adresse suivante : Me Fanny CHARPENTIER, Avocat, exer\u00e7ant 26 avenue de Saint Cloud 78000 Versailles.<\/li>\n<\/ul>\n<h4 style=\"color: #bb9b64; line-height: 1.2em; text-transform: uppercase;\">M\u00c9DIATEUR DE LA CONSOMMATION DE LA PROFESSION D\u2019AVOCAT<\/h4>\n<p style=\"text-align: justify;\">Conform\u00e9ment aux articles L.612-1 et suivants issus de l\u2019ordonnance n\u00b02016-301 du 14 mars 2016, vous avez la possibilit\u00e9 en cas de litige avec un avocat de recourir gratuitement au M\u00e9diateur de la Consommation qui est :<\/p>\n<p><strong>Madame Carole PASCAREL<\/strong><br \/>\nM\u00e9diateur de la consommation de la profession d\u2019Avocat<br \/>\n180 bld Haussmann \u00e0 75008 PARIS.<\/p>\n<ul>\n<li>E-mail : <a href=\"mailto:mediateur@mediateur-consommation-avocat.fr\">mediateur@mediateur-consommation-avocat.fr<\/a><\/li>\n<li>Site internet : <a href=\"https:\/\/mediateur-consommation-avocat.fr\" target=\"_blank\" rel=\"noopener\">https:\/\/mediateur-consommation-avocat.fr<\/a><\/li>\n<\/ul>\n<\/div><\/section><\/div>\n<\/div><\/div><\/div><!-- close content main div --><\/div><\/div><div id='after_section_2'  class='main_color av_default_container_wrap container_wrap sidebar_right'  ><div class='container av-section-cont-open' ><div class='template-page content  av-content-small alpha units'><div class='post-entry post-entry-type-page post-entry-3'><div class='entry-content-wrapper clearfix'><\/p>\n","protected":false},"excerpt":{"rendered":"","protected":false},"author":1,"featured_media":0,"parent":0,"menu_order":0,"comment_status":"closed","ping_status":"open","template":"","meta":{"footnotes":""},"class_list":["post-3","page","type-page","status-publish","hentry"],"yoast_head":"<!-- This site is optimized with the Yoast SEO plugin v26.0 - https:\/\/yoast.com\/wordpress\/plugins\/seo\/ -->\n<title>Fanny CHARPENTIER - Mention l\u00e9gales<\/title>\n<meta name=\"description\" content=\"Les \u00e9l\u00e9ments de ce site internet sont prot\u00e9g\u00e9s \u00e0 ce titre par la l\u00e9gislation relative aux droits d\u2019auteur et au droit \u00e0 l\u2019image.\" \/>\n<meta name=\"robots\" content=\"index, follow, max-snippet:-1, max-image-preview:large, max-video-preview:-1\" \/>\n<link rel=\"canonical\" href=\"https:\/\/charpentier-avocats.fr\/index.php\/mention-legales\/\" \/>\n<meta property=\"og:locale\" content=\"en_US\" \/>\n<meta property=\"og:type\" content=\"article\" \/>\n<meta property=\"og:title\" content=\"Fanny CHARPENTIER - Mention l\u00e9gales\" \/>\n<meta property=\"og:description\" content=\"Les \u00e9l\u00e9ments de ce site internet sont prot\u00e9g\u00e9s \u00e0 ce titre par la l\u00e9gislation relative aux droits d\u2019auteur et au droit \u00e0 l\u2019image.\" \/>\n<meta property=\"og:url\" content=\"https:\/\/charpentier-avocats.fr\/index.php\/mention-legales\/\" \/>\n<meta property=\"og:site_name\" content=\"Fanny CHARPENTIER\" \/>\n<meta property=\"article:modified_time\" content=\"2025-10-04T18:15:29+00:00\" \/>\n<meta name=\"twitter:card\" content=\"summary_large_image\" \/>\n<meta name=\"twitter:label1\" content=\"Est. reading time\" \/>\n\t<meta name=\"twitter:data1\" content=\"5 minutes\" \/>\n<script type=\"application\/ld+json\" class=\"yoast-schema-graph\">{\"@context\":\"https:\/\/schema.org\",\"@graph\":[{\"@type\":\"WebPage\",\"@id\":\"https:\/\/charpentier-avocats.fr\/index.php\/mention-legales\/\",\"url\":\"https:\/\/charpentier-avocats.fr\/index.php\/mention-legales\/\",\"name\":\"Fanny CHARPENTIER - Mention l\u00e9gales\",\"isPartOf\":{\"@id\":\"https:\/\/charpentier-avocats.fr\/#website\"},\"datePublished\":\"2023-09-03T22:58:17+00:00\",\"dateModified\":\"2025-10-04T18:15:29+00:00\",\"description\":\"Les \u00e9l\u00e9ments de ce site internet sont prot\u00e9g\u00e9s \u00e0 ce titre par la l\u00e9gislation relative aux droits d\u2019auteur et au droit \u00e0 l\u2019image.\",\"breadcrumb\":{\"@id\":\"https:\/\/charpentier-avocats.fr\/index.php\/mention-legales\/#breadcrumb\"},\"inLanguage\":\"en-US\",\"potentialAction\":[{\"@type\":\"ReadAction\",\"target\":[\"https:\/\/charpentier-avocats.fr\/index.php\/mention-legales\/\"]}]},{\"@type\":\"BreadcrumbList\",\"@id\":\"https:\/\/charpentier-avocats.fr\/index.php\/mention-legales\/#breadcrumb\",\"itemListElement\":[{\"@type\":\"ListItem\",\"position\":1,\"name\":\"Home\",\"item\":\"https:\/\/charpentier-avocats.fr\/\"},{\"@type\":\"ListItem\",\"position\":2,\"name\":\"Fanny CHARPENTIER &#8211; Mention l\u00e9gales\"}]},{\"@type\":\"WebSite\",\"@id\":\"https:\/\/charpentier-avocats.fr\/#website\",\"url\":\"https:\/\/charpentier-avocats.fr\/\",\"name\":\"Fanny CHARPENTIER\",\"description\":\"Avocat \u00e0 la cour de Versailles\",\"potentialAction\":[{\"@type\":\"SearchAction\",\"target\":{\"@type\":\"EntryPoint\",\"urlTemplate\":\"https:\/\/charpentier-avocats.fr\/?s={search_term_string}\"},\"query-input\":{\"@type\":\"PropertyValueSpecification\",\"valueRequired\":true,\"valueName\":\"search_term_string\"}}],\"inLanguage\":\"en-US\"}]}<\/script>\n<!-- \/ Yoast SEO plugin. -->","yoast_head_json":{"title":"Fanny CHARPENTIER - Mention l\u00e9gales","description":"Les \u00e9l\u00e9ments de ce site internet sont prot\u00e9g\u00e9s \u00e0 ce titre par la l\u00e9gislation relative aux droits d\u2019auteur et au droit \u00e0 l\u2019image.","robots":{"index":"index","follow":"follow","max-snippet":"max-snippet:-1","max-image-preview":"max-image-preview:large","max-video-preview":"max-video-preview:-1"},"canonical":"https:\/\/charpentier-avocats.fr\/index.php\/mention-legales\/","og_locale":"en_US","og_type":"article","og_title":"Fanny CHARPENTIER - Mention l\u00e9gales","og_description":"Les \u00e9l\u00e9ments de ce site internet sont prot\u00e9g\u00e9s \u00e0 ce titre par la l\u00e9gislation relative aux droits d\u2019auteur et au droit \u00e0 l\u2019image.","og_url":"https:\/\/charpentier-avocats.fr\/index.php\/mention-legales\/","og_site_name":"Fanny CHARPENTIER","article_modified_time":"2025-10-04T18:15:29+00:00","twitter_card":"summary_large_image","twitter_misc":{"Est. reading time":"5 minutes"},"schema":{"@context":"https:\/\/schema.org","@graph":[{"@type":"WebPage","@id":"https:\/\/charpentier-avocats.fr\/index.php\/mention-legales\/","url":"https:\/\/charpentier-avocats.fr\/index.php\/mention-legales\/","name":"Fanny CHARPENTIER - Mention l\u00e9gales","isPartOf":{"@id":"https:\/\/charpentier-avocats.fr\/#website"},"datePublished":"2023-09-03T22:58:17+00:00","dateModified":"2025-10-04T18:15:29+00:00","description":"Les \u00e9l\u00e9ments de ce site internet sont prot\u00e9g\u00e9s \u00e0 ce titre par la l\u00e9gislation relative aux droits d\u2019auteur et au droit \u00e0 l\u2019image.","breadcrumb":{"@id":"https:\/\/charpentier-avocats.fr\/index.php\/mention-legales\/#breadcrumb"},"inLanguage":"en-US","potentialAction":[{"@type":"ReadAction","target":["https:\/\/charpentier-avocats.fr\/index.php\/mention-legales\/"]}]},{"@type":"BreadcrumbList","@id":"https:\/\/charpentier-avocats.fr\/index.php\/mention-legales\/#breadcrumb","itemListElement":[{"@type":"ListItem","position":1,"name":"Home","item":"https:\/\/charpentier-avocats.fr\/"},{"@type":"ListItem","position":2,"name":"Fanny CHARPENTIER &#8211; Mention l\u00e9gales"}]},{"@type":"WebSite","@id":"https:\/\/charpentier-avocats.fr\/#website","url":"https:\/\/charpentier-avocats.fr\/","name":"Fanny CHARPENTIER","description":"Avocat \u00e0 la cour de Versailles","potentialAction":[{"@type":"SearchAction","target":{"@type":"EntryPoint","urlTemplate":"https:\/\/charpentier-avocats.fr\/?s={search_term_string}"},"query-input":{"@type":"PropertyValueSpecification","valueRequired":true,"valueName":"search_term_string"}}],"inLanguage":"en-US"}]}},"_links":{"self":[{"href":"https:\/\/charpentier-avocats.fr\/index.php\/wp-json\/wp\/v2\/pages\/3","targetHints":{"allow":["GET"]}}],"collection":[{"href":"https:\/\/charpentier-avocats.fr\/index.php\/wp-json\/wp\/v2\/pages"}],"about":[{"href":"https:\/\/charpentier-avocats.fr\/index.php\/wp-json\/wp\/v2\/types\/page"}],"author":[{"embeddable":true,"href":"https:\/\/charpentier-avocats.fr\/index.php\/wp-json\/wp\/v2\/users\/1"}],"replies":[{"embeddable":true,"href":"https:\/\/charpentier-avocats.fr\/index.php\/wp-json\/wp\/v2\/comments?post=3"}],"version-history":[{"count":7,"href":"https:\/\/charpentier-avocats.fr\/index.php\/wp-json\/wp\/v2\/pages\/3\/revisions"}],"predecessor-version":[{"id":484,"href":"https:\/\/charpentier-avocats.fr\/index.php\/wp-json\/wp\/v2\/pages\/3\/revisions\/484"}],"wp:attachment":[{"href":"https:\/\/charpentier-avocats.fr\/index.php\/wp-json\/wp\/v2\/media?parent=3"}],"curies":[{"name":"wp","href":"https:\/\/api.w.org\/{rel}","templated":true}]}}