{"id":2,"date":"2023-09-04T00:58:17","date_gmt":"2023-09-03T22:58:17","guid":{"rendered":"http:\/\/charpentier-avocats.fr\/?page_id=2"},"modified":"2026-04-20T16:15:50","modified_gmt":"2026-04-20T14:15:50","slug":"fanny-charpentier-avocat","status":"publish","type":"page","link":"https:\/\/charpentier-avocats.fr\/","title":{"rendered":"Fanny CHARPENTIER &#8211; Avocat \u00e0 la Cour de Versailles"},"content":{"rendered":"\n<style type=\"text\/css\" data-created_by=\"avia_inline_auto\" id=\"style-css-av-mg8zk1me-31b8dba353118d1ae4be1d69860d83fa\">\n.avia-section.av-mg8zk1me-31b8dba353118d1ae4be1d69860d83fa{\nbackground-repeat:no-repeat;\nbackground-image:url(https:\/\/charpentier-avocats.fr\/wp-content\/uploads\/2025\/10\/maintenance-1.jpg);\nbackground-position:50% 50%;\nbackground-attachment:scroll;\n}\n<\/style>\n<div id='av_section_1'  class='avia-section av-mg8zk1me-31b8dba353118d1ae4be1d69860d83fa main_color avia-section-no-padding avia-no-border-styling  avia-builder-el-0  el_before_av_section  avia-builder-el-first  avia-bg-style-scroll container_wrap sidebar_right'  data-section-bg-repeat='no-repeat'><div class='container av-section-cont-open' ><main  role=\"main\" itemprop=\"mainContentOfPage\"  class='template-page content  av-content-small alpha units'><div class='post-entry post-entry-type-page post-entry-2'><div class='entry-content-wrapper clearfix'>\n<div  class='flex_column av-9dgo-a154ea53566ef3c6fc5a105e53ce4651 av_one_half  avia-builder-el-1  el_before_av_two_fifth  avia-builder-el-first  first flex_column_div  '     ><\/div>\n<style type=\"text\/css\" data-created_by=\"avia_inline_auto\" id=\"style-css-av-mg8zjrpy-f20c3b7a6640b9ea29e3452abda9f3b3\">\n.flex_column.av-mg8zjrpy-f20c3b7a6640b9ea29e3452abda9f3b3{\npadding:20px 20px 20px 20px;\nbackground-color:rgba(0,0,0,0.6);\n}\n<\/style>\n<div  class='flex_column av-mg8zjrpy-f20c3b7a6640b9ea29e3452abda9f3b3 av_two_fifth  avia-builder-el-2  el_after_av_one_half  avia-builder-el-last  flex_column_div  '     ><p>\n<style type=\"text\/css\" data-created_by=\"avia_inline_auto\" id=\"style-css-av-mg8znnzt-355df0554d5c092c98d1d170f688b9a4\">\n#top .hr.hr-invisible.av-mg8znnzt-355df0554d5c092c98d1d170f688b9a4{\nheight:130px;\n}\n<\/style>\n<div  class='hr av-mg8znnzt-355df0554d5c092c98d1d170f688b9a4 hr-invisible  avia-builder-el-3  el_before_av_image  avia-builder-el-first  av-small-hide av-mini-hide'><span class='hr-inner '><span class=\"hr-inner-style\"><\/span><\/span><\/div><br \/>\n\n<style type=\"text\/css\" data-created_by=\"avia_inline_auto\" id=\"style-css-av-mg8zfuq1-3dc5df290d6995a64f278393e90daf2c\">\n.avia-image-container.av-mg8zfuq1-3dc5df290d6995a64f278393e90daf2c img.avia_image{\nbox-shadow:none;\n}\n.avia-image-container.av-mg8zfuq1-3dc5df290d6995a64f278393e90daf2c .av-image-caption-overlay-center{\ncolor:#ffffff;\n}\n<\/style>\n<div  class='avia-image-container av-mg8zfuq1-3dc5df290d6995a64f278393e90daf2c av-styling- avia-align-center  avia-builder-el-4  el_after_av_hr  el_before_av_hr '   itemprop=\"image\" itemscope=\"itemscope\" itemtype=\"https:\/\/schema.org\/ImageObject\" ><div class=\"avia-image-container-inner\"><div class=\"avia-image-overlay-wrap\"><img decoding=\"async\" fetchpriority=\"high\" class='wp-image-63 avia-img-lazy-loading-not-63 avia_image ' src=\"https:\/\/charpentier-avocats.fr\/wp-content\/uploads\/2025\/10\/logo-blanc-150x150-1.png\" alt='Fanny CHARPENTIER - Avocat' title='logo FC Avocat blanc - 150x150'  height=\"150\" width=\"150\"  itemprop=\"thumbnailUrl\" srcset=\"https:\/\/charpentier-avocats.fr\/wp-content\/uploads\/2025\/10\/logo-blanc-150x150-1.png 150w, https:\/\/charpentier-avocats.fr\/wp-content\/uploads\/2025\/10\/logo-blanc-150x150-1-80x80.png 80w, https:\/\/charpentier-avocats.fr\/wp-content\/uploads\/2025\/10\/logo-blanc-150x150-1-36x36.png 36w\" sizes=\"(max-width: 150px) 100vw, 150px\" \/><\/div><\/div><\/div><br \/>\n\n<style type=\"text\/css\" data-created_by=\"avia_inline_auto\" id=\"style-css-av-i5gs-e44c4a20a85239c038bd317420207f39\">\n#top .hr.hr-invisible.av-i5gs-e44c4a20a85239c038bd317420207f39{\nheight:30px;\n}\n<\/style>\n<div  class='hr av-i5gs-e44c4a20a85239c038bd317420207f39 hr-invisible  avia-builder-el-5  el_after_av_image  el_before_av_textblock '><span class='hr-inner '><span class=\"hr-inner-style\"><\/span><\/span><\/div><br \/>\n\n<style type=\"text\/css\" data-created_by=\"avia_inline_auto\" id=\"style-css-av-mg8zgfiy-f79d258561d77271c79f56da84ea193d\">\n#top .av_textblock_section.av-mg8zgfiy-f79d258561d77271c79f56da84ea193d .avia_textblock{\nfont-size:40px;\ncolor:#ffffff;\n}\n<\/style>\n<section  class='av_textblock_section av-mg8zgfiy-f79d258561d77271c79f56da84ea193d '   itemscope=\"itemscope\" itemtype=\"https:\/\/schema.org\/CreativeWork\" ><div class='avia_textblock av_inherit_color'  itemprop=\"text\" ><h1 style=\"text-align: center; text-transform: capitalize;\">Fanny CHARPENTIER<\/h1>\n<\/div><\/section><br \/>\n\n<style type=\"text\/css\" data-created_by=\"avia_inline_auto\" id=\"style-css-av-mg8zh3ye-e4c472b335ffd8dd02f0151fbc1eb063\">\n#top .av_textblock_section.av-mg8zh3ye-e4c472b335ffd8dd02f0151fbc1eb063 .avia_textblock{\nfont-size:18px;\ncolor:#ffffff;\n}\n<\/style>\n<section  class='av_textblock_section av-mg8zh3ye-e4c472b335ffd8dd02f0151fbc1eb063 '   itemscope=\"itemscope\" itemtype=\"https:\/\/schema.org\/CreativeWork\" ><div class='av-small-hide av-mini-hide avia_textblock av_inherit_color'  itemprop=\"text\" ><p style=\"text-align: center; font-size: 12px; text-transform: uppercase;\"><img loading=\"lazy\" decoding=\"async\" class=\"size-full wp-image-223 alignnone\" style=\"padding-bottom: 4px;\" src=\"http:\/\/charpentier-avocats.fr\/wp-content\/uploads\/2025\/10\/ligne.jpg\" alt=\"\" width=\"50\" height=\"1\" srcset=\"https:\/\/charpentier-avocats.fr\/wp-content\/uploads\/2025\/10\/ligne.jpg 50w, https:\/\/charpentier-avocats.fr\/wp-content\/uploads\/2025\/10\/ligne-36x1.jpg 36w\" sizes=\"auto, (max-width: 50px) 100vw, 50px\" \/> Avocat \u00e0 la Cour de Versailles <img loading=\"lazy\" decoding=\"async\" class=\"size-full wp-image-223 alignnone\" style=\"padding-bottom: 4px;\" src=\"http:\/\/charpentier-avocats.fr\/wp-content\/uploads\/2025\/10\/ligne.jpg\" alt=\"\" width=\"50\" height=\"1\" srcset=\"https:\/\/charpentier-avocats.fr\/wp-content\/uploads\/2025\/10\/ligne.jpg 50w, https:\/\/charpentier-avocats.fr\/wp-content\/uploads\/2025\/10\/ligne-36x1.jpg 36w\" sizes=\"auto, (max-width: 50px) 100vw, 50px\" \/><\/p>\n<\/div><\/section><br \/>\n\n<style type=\"text\/css\" data-created_by=\"avia_inline_auto\" id=\"style-css-av-mgcidrmg-8e257e37e14b6d4e14a6407154ae4ce9\">\n#top .av_textblock_section.av-mgcidrmg-8e257e37e14b6d4e14a6407154ae4ce9 .avia_textblock{\nfont-size:18px;\ncolor:#ffffff;\n}\n<\/style>\n<section  class='av_textblock_section av-mgcidrmg-8e257e37e14b6d4e14a6407154ae4ce9 '   itemscope=\"itemscope\" itemtype=\"https:\/\/schema.org\/CreativeWork\" ><div class='av-desktop-hide av-medium-hide avia_textblock av_inherit_color'  itemprop=\"text\" ><p style=\"text-align: center; font-size: 12px; text-transform: uppercase;\">&#8211; Avocat \u00e0 la Cour de Versailles &#8211;<\/p>\n<\/div><\/section><br \/>\n\n<style type=\"text\/css\" data-created_by=\"avia_inline_auto\" id=\"style-css-av-mg9chv09-c8f27338145b49e8d1c488522e515bc8\">\n#top .hr.hr-invisible.av-mg9chv09-c8f27338145b49e8d1c488522e515bc8{\nheight:30px;\n}\n<\/style>\n<div  class='hr av-mg9chv09-c8f27338145b49e8d1c488522e515bc8 hr-invisible  avia-builder-el-9  el_after_av_textblock  el_before_av_buttonrow '><span class='hr-inner '><span class=\"hr-inner-style\"><\/span><\/span><\/div><br \/>\n\n<style type=\"text\/css\" data-created_by=\"avia_inline_auto\" id=\"style-css-av-mg9curvv-dc2b35a442308d78b8843e88d6ee22e4\">\n.avia-buttonrow-wrap.av-mg9curvv-dc2b35a442308d78b8843e88d6ee22e4 .avia-button{\nfont-size:14px;\n}\n<\/style>\n<div  class='avia-buttonrow-wrap av-mg9curvv-dc2b35a442308d78b8843e88d6ee22e4 avia-buttonrow-center  avia-builder-el-10  el_after_av_hr  el_before_av_hr '>\n\n<style type=\"text\/css\" data-created_by=\"avia_inline_auto\" id=\"style-css-av-mg9cu5e4-19862084943c51fc571ed6d4edf41c22\">\n#top #wrap_all .avia-button.av-mg9cu5e4-19862084943c51fc571ed6d4edf41c22{\nmargin-bottom:5px;\nmargin-right:3px;\nmargin-left:3px;\n}\n<\/style>\n<a href='#formulaire'  class='avia-button av-mg9cu5e4-19862084943c51fc571ed6d4edf41c22 avia-icon_select-no avia-size-medium avia-color-theme-color'   aria-label=\"CONTACT\"><span class='avia_iconbox_title' >CONTACT<\/span><\/a>\n\n<style type=\"text\/css\" data-created_by=\"avia_inline_auto\" id=\"style-css-av-mg9cur24-b5dfddafb7ec0fff9d21a941264e5885\">\n#top #wrap_all .avia-button.av-mg9cur24-b5dfddafb7ec0fff9d21a941264e5885{\nbackground-color:#ffffff;\nborder-color:#ffffff;\ncolor:#000000;\ntransition:all 0.4s ease-in-out;\nmargin-bottom:5px;\nmargin-right:3px;\nmargin-left:3px;\n}\n#top #wrap_all .avia-button.av-mg9cur24-b5dfddafb7ec0fff9d21a941264e5885 .avia-svg-icon svg:first-child{\nfill:#000000;\nstroke:#000000;\n}\n<\/style>\n<a href='#presentation'  class='avia-button av-mg9cur24-b5dfddafb7ec0fff9d21a941264e5885 avia-icon_select-no avia-size-medium'   aria-label=\"PR\u00c9SENTATION\"><span class='avia_iconbox_title' >PR\u00c9SENTATION<\/span><\/a>\n<\/div><br \/>\n\n<style type=\"text\/css\" data-created_by=\"avia_inline_auto\" id=\"style-css-av-89x2-b981eda44c8d5186b13412dd5ce5a786\">\n#top .hr.hr-invisible.av-89x2-b981eda44c8d5186b13412dd5ce5a786{\nheight:130px;\n}\n<\/style>\n<div  class='hr av-89x2-b981eda44c8d5186b13412dd5ce5a786 hr-invisible  avia-builder-el-11  el_after_av_buttonrow  avia-builder-el-last  av-small-hide av-mini-hide'><span class='hr-inner '><span class=\"hr-inner-style\"><\/span><\/span><\/div><\/p><\/div>\n\n<\/div><\/div><\/main><!-- close content main element --><\/div><\/div><div id='presentation'  class='avia-section av-mg92imgu-82e8066b62eb54bad54d631381f3aca3 main_color avia-section-no-padding avia-no-border-styling  avia-builder-el-12  el_after_av_section  el_before_av_section  avia-bg-style-scroll container_wrap sidebar_right'  ><div class='container av-section-cont-open' ><div class='template-page content  av-content-small alpha units'><div class='post-entry post-entry-type-page post-entry-2'><div class='entry-content-wrapper clearfix'>\n<div class='flex_column_table av-mg92pad1-68da581efb8e2576dd1581f8c4f5eb5b sc-av_two_fifth av-equal-height-column-flextable'><div  class='flex_column av-mg92pad1-68da581efb8e2576dd1581f8c4f5eb5b av_two_fifth  avia-builder-el-13  el_before_av_one_third  avia-builder-el-first  first flex_column_table_cell av-equal-height-column av-align-middle av-hide-on-mobile  '     ><style type=\"text\/css\" data-created_by=\"avia_inline_auto\" id=\"style-css-av-mg92mk96-459dde7434198c305e78ff900172c63a\">\n.avia-image-container.av-mg92mk96-459dde7434198c305e78ff900172c63a img.avia_image{\nbox-shadow:none;\n}\n.avia-image-container.av-mg92mk96-459dde7434198c305e78ff900172c63a .av-image-caption-overlay-center{\ncolor:#ffffff;\n}\n<\/style>\n<div  class='avia-image-container av-mg92mk96-459dde7434198c305e78ff900172c63a av-styling- avia-align-center  avia-builder-el-14  avia-builder-el-no-sibling  av-has-copyright av-copyright-icon-reveal'   itemprop=\"image\" itemscope=\"itemscope\" itemtype=\"https:\/\/schema.org\/ImageObject\" ><div class=\"avia-image-container-inner\"><div class=\"avia-image-overlay-wrap\"><img decoding=\"async\" fetchpriority=\"high\" class='wp-image-96 avia-img-lazy-loading-not-96 avia_image ' src=\"https:\/\/charpentier-avocats.fr\/wp-content\/uploads\/2025\/10\/Salon-des-Hoquetons-2.jpg\" alt='Ch\u00e2teau de Versailles - Salon des Hoquetons' title='Salon-des-Hoquetons'  height=\"1100\" width=\"700\"  itemprop=\"thumbnailUrl\" srcset=\"https:\/\/charpentier-avocats.fr\/wp-content\/uploads\/2025\/10\/Salon-des-Hoquetons-2.jpg 700w, https:\/\/charpentier-avocats.fr\/wp-content\/uploads\/2025\/10\/Salon-des-Hoquetons-2-191x300.jpg 191w, https:\/\/charpentier-avocats.fr\/wp-content\/uploads\/2025\/10\/Salon-des-Hoquetons-2-655x1030.jpg 655w, https:\/\/charpentier-avocats.fr\/wp-content\/uploads\/2025\/10\/Salon-des-Hoquetons-2-449x705.jpg 449w\" sizes=\"(max-width: 700px) 100vw, 700px\" \/><\/div><small class=\"avia-copyright\">Photo par Jeremy Bishop sur Unsplash<span class='avia-svg-icon avia-font-svg_entypo-fontello' data-av_svg_icon='info' data-av_iconset='svg_entypo-fontello'><svg version=\"1.1\" xmlns=\"http:\/\/www.w3.org\/2000\/svg\" width=\"15\" height=\"32\" viewBox=\"0 0 15 32\" preserveAspectRatio=\"xMidYMid meet\" aria-labelledby='av-svg-title-3' aria-describedby='av-svg-desc-3' role=\"graphics-symbol\">\n<title id='av-svg-title-3'>Info<\/title>\n<desc id='av-svg-desc-3'>Info<\/desc>\n<path d=\"M11.264 0q1.536 0 2.368 0.864t0.832 2.208q0 1.6-1.248 2.816t-3.040 1.216q-1.536 0-2.368-0.832t-0.768-2.304q0-1.472 1.12-2.72t3.104-1.248zM4.672 32q-3.2 0-1.728-5.696l1.92-8.128q0.448-1.792 0-1.792-0.384 0-1.728 0.576t-2.304 1.216l-0.832-1.408q2.88-2.496 6.048-4.032t4.832-1.536q2.496 0 1.152 5.184l-2.24 8.512q-0.512 2.048 0.192 2.048 1.408 0 3.776-1.92l0.96 1.28q-2.688 2.752-5.6 4.224t-4.448 1.472z\"><\/path>\n<\/svg><\/span><\/small><\/div><\/div><\/div><div class='av-flex-placeholder'><\/div>\n<style type=\"text\/css\" data-created_by=\"avia_inline_auto\" id=\"style-css-av-7cto-87023138f1efad3a7636e1f3cc982ade\">\n.flex_column.av-7cto-87023138f1efad3a7636e1f3cc982ade{\npadding:0 0 0 0;\n}\n<\/style>\n<div  class='flex_column av-7cto-87023138f1efad3a7636e1f3cc982ade av_one_third  avia-builder-el-15  el_after_av_two_fifth  avia-builder-el-last  flex_column_table_cell av-equal-height-column av-align-middle av-zero-column-padding  '     ><p>\n<style type=\"text\/css\" data-created_by=\"avia_inline_auto\" id=\"style-css-av-mgcikmla-4ccb4f8d6780acdb14768666de272c53\">\n#top .hr.hr-invisible.av-mgcikmla-4ccb4f8d6780acdb14768666de272c53{\nheight:30px;\n}\n<\/style>\n<div  class='hr av-mgcikmla-4ccb4f8d6780acdb14768666de272c53 hr-invisible  avia-builder-el-16  el_before_av_textblock  avia-builder-el-first  av-desktop-hide av-medium-hide'><span class='hr-inner '><span class=\"hr-inner-style\"><\/span><\/span><\/div><br \/>\n<section  class='av_textblock_section av-fjb2-a24049e4b9e1d1e2217e360eba92825e '   itemscope=\"itemscope\" itemtype=\"https:\/\/schema.org\/CreativeWork\" ><div class='avia_textblock'  itemprop=\"text\" ><h2 style=\"text-transform: capitalize; color: #bb9b64;\">Pr\u00e9sentation<\/h2>\n<p style=\"text-align: justify;\">La famille, consid\u00e9r\u00e9e comme la source des plus grands bonheurs, est amen\u00e9e \u00e0 \u00e9voluer tout au long de la vie, que l&#8217;on choisisse de s&#8217;unir sous quelque forme que ce soit (concubinage, Pacs ou mariage), de s&#8217;agrandir (droits et obligations vis \u00e0 vis des enfants, adoption simple ou pl\u00e9ni\u00e8re) ou de s&#8217;adapter \u00e0 des besoins particuliers (protection du conjoint survivant, volont\u00e9 de donner \u00e0 ses enfants ou \u00e0 des tiers, n\u00e9cessit\u00e9 de placer l&#8217;un de nos proches sous protection etc&#8230;).<\/p>\n<p style=\"text-align: justify;\">Cela \u00e9tant, la famille se r\u00e9v\u00e8le \u00e9galement source de dissensions et de conflits, qu&#8217;il s&#8217;agisse de se s\u00e9parer, de divorcer ou de partager un patrimoine.<\/p>\n<p style=\"text-align: justify;\">Pour \u00eatre le c\u0153ur d&#8217;enjeux humains et intimes mais \u00e9galement \u00e9conomiques, parfois extr\u00eamement lourds, le Droit de la Famille, des Successions et du Patrimoine impose le recours \u00e0 un professionnel proposant une expertise pr\u00e9cise des diverses probl\u00e9matiques pos\u00e9es.<\/p>\n<p style=\"text-align: justify;\">Apr\u00e8s l&#8217;obtention de son DEA de Droit Priv\u00e9 G\u00e9n\u00e9ral \u00e0 l&#8217;Universit\u00e9 Paris Panth\u00e9on Sorbonne en 2003, <a href=\"https:\/\/charpentier-avocats.fr\/index.php\/equipe\/\">Ma\u00eetre Fanny CHARPENTIER<\/a> a int\u00e9gr\u00e9 en 2005, tout d&#8217;abord en qualit\u00e9 d&#8217;Avocat Collaboratrice, puis d&#8217;avocat associ\u00e9e, la SCP GRAS ROBERT, ses ann\u00e9es d\u2019exercice lui ayant permis de se sp\u00e9cialiser dans ces domaines du Droit, dans leurs multiples aspects et ramifications, et plus particuli\u00e8rement en Droit des Successions, lequel rel\u00e8ve d\u2019une ing\u00e9nierie juridique souvent complexe.<\/p>\n<p style=\"text-align: justify;\">Ma\u00eetre Fanny CHARPENTIER, avec le concours de sa collaboratrice, <a href=\"https:\/\/charpentier-avocats.fr\/index.php\/equipe\/\">Ma\u00eetre Nathalie LE NORMAND<\/a>, et des professionnels du Droit qui l\u2019entoure, aspire \u00e0 offrir \u00e9coute et disponibilit\u00e9 en vue de construire des solutions justes et p\u00e9rennes au mieux des int\u00e9r\u00eats des clients et ce, en favorisant une r\u00e9solution amiable des conflits.<\/p>\n<p style=\"text-align: justify;\">A d\u00e9faut, son dynamisme et sa pugnacit\u00e9 sont alors mis au service de la d\u00e9fense de ses clients devant les Juridictions comp\u00e9tentes.<\/p>\n<\/div><\/section><br \/>\n\n<style type=\"text\/css\" data-created_by=\"avia_inline_auto\" id=\"style-css-av-dvb2-8ce3112502023ecf5ddf8998e1cf83f8\">\n#top .hr.hr-invisible.av-dvb2-8ce3112502023ecf5ddf8998e1cf83f8{\nheight:30px;\n}\n<\/style>\n<div  class='hr av-dvb2-8ce3112502023ecf5ddf8998e1cf83f8 hr-invisible  avia-builder-el-18  el_after_av_textblock  el_before_av_button '><span class='hr-inner '><span class=\"hr-inner-style\"><\/span><\/span><\/div><br \/>\n<div  class='avia-button-wrap av-mg9dnjur-843914b6ae732202cfaa17aae0cbb5a3-wrap avia-button-left  avia-builder-el-19  el_after_av_hr  avia-builder-el-last '><a href='#domaines'  class='avia-button av-mg9dnjur-843914b6ae732202cfaa17aae0cbb5a3 av-link-btn avia-icon_select-no avia-size-medium avia-position-left avia-color-theme-color'   aria-label=\"domaines de comp\u00e9tences\"><span class='avia_iconbox_title' >domaines de comp\u00e9tences<\/span><\/a><\/div><\/p><\/div><\/div><!--close column table wrapper. Autoclose: 1 -->\n\n<\/div><\/div><\/div><!-- close content main div --><\/div><\/div>\n<style type=\"text\/css\" data-created_by=\"avia_inline_auto\" id=\"style-css-av-mg9dru3i-ebcc69d6ac6f9b63b9c6d3fbb454896c\">\n.avia-section.av-mg9dru3i-ebcc69d6ac6f9b63b9c6d3fbb454896c{\nbackground-color:#000000;\nbackground-image:unset;\n}\n<\/style>\n<div id='domaines'  class='avia-section av-mg9dru3i-ebcc69d6ac6f9b63b9c6d3fbb454896c main_color avia-section-large avia-no-border-styling  avia-builder-el-20  el_after_av_section  el_before_av_section  avia-bg-style-scroll container_wrap sidebar_right'  ><div class='container av-section-cont-open' ><div class='template-page content  av-content-small alpha units'><div class='post-entry post-entry-type-page post-entry-2'><div class='entry-content-wrapper clearfix'>\n\n<style type=\"text\/css\" data-created_by=\"avia_inline_auto\" id=\"style-css-av-mg9dwzge-78af68a3c77e5ec33f5170fa5147a19c\">\n.flex_column.av-mg9dwzge-78af68a3c77e5ec33f5170fa5147a19c{\npadding:0 0 0 0;\n}\n\n@media only screen and (min-width: 480px) and (max-width: 767px){ \n.flex_column.av-mg9dwzge-78af68a3c77e5ec33f5170fa5147a19c{\npadding:0 0 0 0;\n}\n}\n<\/style>\n<div  class='flex_column av-mg9dwzge-78af68a3c77e5ec33f5170fa5147a19c av_one_full  avia-builder-el-21  el_before_av_one_third  avia-builder-el-first  first flex_column_div av-zero-column-padding  '     ><style type=\"text\/css\" data-created_by=\"avia_inline_auto\" id=\"style-css-av-5r0k-a33f1b725cbd82e1f0da7bd7e097998e\">\n#top .av_textblock_section.av-5r0k-a33f1b725cbd82e1f0da7bd7e097998e .avia_textblock{\ncolor:#ffffff;\n}\n<\/style>\n<section  class='av_textblock_section av-5r0k-a33f1b725cbd82e1f0da7bd7e097998e '   itemscope=\"itemscope\" itemtype=\"https:\/\/schema.org\/CreativeWork\" ><div class='avia_textblock av_inherit_color'  itemprop=\"text\" ><h2 style=\"text-transform: capitalize; color: #bb9b64;\">Domaines de comp\u00e9tences<\/h2>\n<p style=\"text-align: justify;\">Le Cabinet CHARPENTIER intervient en droit de la Famille et du Patrimoine, recouvrant plusieurs domaines du Droit et apporte r\u00e9ponse \u00e0 vos probl\u00e9matiques en :<\/p>\n<\/div><\/section><\/div><div class='flex_column_table av-mg9dyh3s-7461fcfc0917e699f24fc4244e7cc0aa sc-av_one_third av-equal-height-column-flextable'>\n<style type=\"text\/css\" data-created_by=\"avia_inline_auto\" id=\"style-css-av-mg9dyh3s-7461fcfc0917e699f24fc4244e7cc0aa\">\n.flex_column.av-mg9dyh3s-7461fcfc0917e699f24fc4244e7cc0aa{\npadding:0 0 0 0;\n}\n<\/style>\n<div  class='flex_column av-mg9dyh3s-7461fcfc0917e699f24fc4244e7cc0aa av_one_third  avia-builder-el-23  el_after_av_one_full  el_before_av_one_third  first flex_column_table_cell av-equal-height-column av-align-top  column-top-margin'     ><p>\n<style type=\"text\/css\" data-created_by=\"avia_inline_auto\" id=\"style-css-av-bmw2-31eacd8036cfd95ea71c33aa62cb1b8e\">\n.avia-image-container.av-bmw2-31eacd8036cfd95ea71c33aa62cb1b8e img.avia_image{\nbox-shadow:none;\n}\n.avia-image-container.av-bmw2-31eacd8036cfd95ea71c33aa62cb1b8e .av-image-caption-overlay-center{\ncolor:#ffffff;\n}\n<\/style>\n<div  class='avia-image-container av-bmw2-31eacd8036cfd95ea71c33aa62cb1b8e av-styling- avia-align-center  avia-builder-el-24  el_before_av_textblock  avia-builder-el-first '   itemprop=\"image\" itemscope=\"itemscope\" itemtype=\"https:\/\/schema.org\/ImageObject\" ><div class=\"avia-image-container-inner\"><div class=\"avia-image-overlay-wrap\"><img decoding=\"async\" fetchpriority=\"high\" class='wp-image-118 avia-img-lazy-loading-not-118 avia_image ' src=\"https:\/\/charpentier-avocats.fr\/wp-content\/uploads\/2025\/10\/icon_successions-liberalites-80x80.png\" alt='Droit des successions et des lib\u00e9ralit\u00e9s' title='icone_successions-liberalites'  height=\"80\" width=\"80\"  itemprop=\"thumbnailUrl\" srcset=\"https:\/\/charpentier-avocats.fr\/wp-content\/uploads\/2025\/10\/icon_successions-liberalites-80x80.png 80w, https:\/\/charpentier-avocats.fr\/wp-content\/uploads\/2025\/10\/icon_successions-liberalites-36x36.png 36w, https:\/\/charpentier-avocats.fr\/wp-content\/uploads\/2025\/10\/icon_successions-liberalites.png 180w\" sizes=\"(max-width: 80px) 100vw, 80px\" \/><\/div><\/div><\/div><br \/>\n\n<style type=\"text\/css\" data-created_by=\"avia_inline_auto\" id=\"style-css-av-mg9e87b4-ece6ecc1439585947e83ad3f617064e4\">\n#top .av_textblock_section.av-mg9e87b4-ece6ecc1439585947e83ad3f617064e4 .avia_textblock{\ncolor:#ffffff;\n}\n<\/style>\n<section  class='av_textblock_section av-mg9e87b4-ece6ecc1439585947e83ad3f617064e4 '   itemscope=\"itemscope\" itemtype=\"https:\/\/schema.org\/CreativeWork\" ><div class='avia_textblock av_inherit_color'  itemprop=\"text\" ><h3 style=\"color: #bb9b64; text-transform: uppercase; text-align: center;\">droit des successions<br \/>\net des lib\u00e9ralit\u00e9s<\/h3>\n<\/div><\/section><br \/>\n\n<style type=\"text\/css\" data-created_by=\"avia_inline_auto\" id=\"style-css-av-mg9eo664-5aace03e18fd127df146b6454daaf2a4\">\n#top .hr.hr-invisible.av-mg9eo664-5aace03e18fd127df146b6454daaf2a4{\nheight:10px;\n}\n<\/style>\n<div  class='hr av-mg9eo664-5aace03e18fd127df146b6454daaf2a4 hr-invisible  avia-builder-el-26  el_after_av_textblock  el_before_av_button '><span class='hr-inner '><span class=\"hr-inner-style\"><\/span><\/span><\/div><br \/>\n<div  id=\"togg1\"  class='avia-button-wrap av-mg9e9ka4-95cae9b4c282e25ec21e52833ebab8db-wrap avia-button-center  avia-builder-el-27  el_after_av_hr  avia-builder-el-last '>\n<style type=\"text\/css\" data-created_by=\"avia_inline_auto\" id=\"style-css-av-mg9e9ka4-95cae9b4c282e25ec21e52833ebab8db\">\n#top #wrap_all .avia-button.av-mg9e9ka4-95cae9b4c282e25ec21e52833ebab8db{\nbackground-color:#ffffff;\nborder-color:#ffffff;\ncolor:#000000;\ntransition:all 0.4s ease-in-out;\n}\n#top #wrap_all .avia-button.av-mg9e9ka4-95cae9b4c282e25ec21e52833ebab8db .avia-svg-icon svg:first-child{\nfill:#000000;\nstroke:#000000;\n}\n<\/style>\n<a href='https:\/\/charpentier-avocats.fr\/index.php\/droit-des-successions-et-des-liberalites\/\/#sucessions'  class='avia-button av-mg9e9ka4-95cae9b4c282e25ec21e52833ebab8db av-link-btn avia-icon_select-no avia-size-medium avia-position-center'   aria-label=\"en savoir plus\"><span class='avia_iconbox_title' >en savoir plus<\/span><\/a><\/div><\/p><\/div><div class='av-flex-placeholder'><\/div><div  class='flex_column av-mg9gr9qh-2d2aad3de231a4fa54c63d01c64e045b av_one_third  avia-builder-el-28  el_after_av_one_third  el_before_av_one_third  flex_column_table_cell av-equal-height-column av-align-top  column-top-margin'     ><p>\n<style type=\"text\/css\" data-created_by=\"avia_inline_auto\" id=\"style-css-av-mg9epzsf-5c9c15d0f23541efbe1f5dccadb3c994\">\n.avia-image-container.av-mg9epzsf-5c9c15d0f23541efbe1f5dccadb3c994 img.avia_image{\nbox-shadow:none;\n}\n.avia-image-container.av-mg9epzsf-5c9c15d0f23541efbe1f5dccadb3c994 .av-image-caption-overlay-center{\ncolor:#ffffff;\n}\n<\/style>\n<div  class='avia-image-container av-mg9epzsf-5c9c15d0f23541efbe1f5dccadb3c994 av-styling- avia-align-center  avia-builder-el-29  el_before_av_textblock  avia-builder-el-first '   itemprop=\"image\" itemscope=\"itemscope\" itemtype=\"https:\/\/schema.org\/ImageObject\" ><div class=\"avia-image-container-inner\"><div class=\"avia-image-overlay-wrap\"><img decoding=\"async\" fetchpriority=\"high\" class='wp-image-114 avia-img-lazy-loading-not-114 avia_image ' src=\"https:\/\/charpentier-avocats.fr\/wp-content\/uploads\/2025\/10\/icon_divorce-rupture-80x80.png\" alt='Droit de &quot;la s\u00e9paration&quot; : le divorce, la rupture d&#039;un Pacs ou d&#039;un concubinage' title='icone_divorce-rupture'  height=\"80\" width=\"80\"  itemprop=\"thumbnailUrl\" srcset=\"https:\/\/charpentier-avocats.fr\/wp-content\/uploads\/2025\/10\/icon_divorce-rupture-80x80.png 80w, https:\/\/charpentier-avocats.fr\/wp-content\/uploads\/2025\/10\/icon_divorce-rupture-36x36.png 36w, https:\/\/charpentier-avocats.fr\/wp-content\/uploads\/2025\/10\/icon_divorce-rupture.png 180w\" sizes=\"(max-width: 80px) 100vw, 80px\" \/><\/div><\/div><\/div><br \/>\n\n<style type=\"text\/css\" data-created_by=\"avia_inline_auto\" id=\"style-css-av-mg9epiyg-da400410d2328953b8905770de3d54b3\">\n#top .av_textblock_section.av-mg9epiyg-da400410d2328953b8905770de3d54b3 .avia_textblock{\ncolor:#ffffff;\n}\n<\/style>\n<section  class='av_textblock_section av-mg9epiyg-da400410d2328953b8905770de3d54b3 '   itemscope=\"itemscope\" itemtype=\"https:\/\/schema.org\/CreativeWork\" ><div class='avia_textblock av_inherit_color'  itemprop=\"text\" ><h3 style=\"color: #bb9b64; text-transform: uppercase; text-align: center;\">droit de &#8220;la s\u00e9paration&#8221; :<br \/>\nle divorce, la rupture d&#8217;un<br \/>\npacs ou d&#8217;un concubinage<\/h3>\n<\/div><\/section><br \/>\n\n<style type=\"text\/css\" data-created_by=\"avia_inline_auto\" id=\"style-css-av-r4xi-a7aa0c7efa4f24ffa2dc9507598376e1\">\n#top .hr.hr-invisible.av-r4xi-a7aa0c7efa4f24ffa2dc9507598376e1{\nheight:10px;\n}\n<\/style>\n<div  class='hr av-r4xi-a7aa0c7efa4f24ffa2dc9507598376e1 hr-invisible  avia-builder-el-31  el_after_av_textblock  el_before_av_button '><span class='hr-inner '><span class=\"hr-inner-style\"><\/span><\/span><\/div><br \/>\n<div  class='avia-button-wrap av-oocm-08f99ac1598daa3433f9e98b5321bbf6-wrap avia-button-center  avia-builder-el-32  el_after_av_hr  avia-builder-el-last '>\n<style type=\"text\/css\" data-created_by=\"avia_inline_auto\" id=\"style-css-av-oocm-08f99ac1598daa3433f9e98b5321bbf6\">\n#top #wrap_all .avia-button.av-oocm-08f99ac1598daa3433f9e98b5321bbf6{\nbackground-color:#ffffff;\nborder-color:#ffffff;\ncolor:#000000;\ntransition:all 0.4s ease-in-out;\n}\n#top #wrap_all .avia-button.av-oocm-08f99ac1598daa3433f9e98b5321bbf6 .avia-svg-icon svg:first-child{\nfill:#000000;\nstroke:#000000;\n}\n<\/style>\n<a href='https:\/\/charpentier-avocats.fr\/index.php\/droit-de-la-separation\/#divorce'  class='avia-button av-oocm-08f99ac1598daa3433f9e98b5321bbf6 av-link-btn avia-icon_select-no avia-size-medium avia-position-center'   aria-label=\"en savoir plus\"><span class='avia_iconbox_title' >en savoir plus<\/span><\/a><\/div><\/p><\/div><div class='av-flex-placeholder'><\/div>\n<style type=\"text\/css\" data-created_by=\"avia_inline_auto\" id=\"style-css-av-mg9grq7l-f6956a33b9e221f02c5cce5e9297f7e4\">\n.flex_column.av-mg9grq7l-f6956a33b9e221f02c5cce5e9297f7e4{\npadding:0 0 0 0;\n}\n<\/style>\n<div  class='flex_column av-mg9grq7l-f6956a33b9e221f02c5cce5e9297f7e4 av_one_third  avia-builder-el-33  el_after_av_one_third  el_before_av_one_third  flex_column_table_cell av-equal-height-column av-align-top  column-top-margin'     ><p>\n<style type=\"text\/css\" data-created_by=\"avia_inline_auto\" id=\"style-css-av-mg9eqlr3-ddbfaabab6aec6977553b65f85cbd1c7\">\n.avia-image-container.av-mg9eqlr3-ddbfaabab6aec6977553b65f85cbd1c7 img.avia_image{\nbox-shadow:none;\n}\n.avia-image-container.av-mg9eqlr3-ddbfaabab6aec6977553b65f85cbd1c7 .av-image-caption-overlay-center{\ncolor:#ffffff;\n}\n<\/style>\n<div  class='avia-image-container av-mg9eqlr3-ddbfaabab6aec6977553b65f85cbd1c7 av-styling- avia-align-center  avia-builder-el-34  el_before_av_textblock  avia-builder-el-first '   itemprop=\"image\" itemscope=\"itemscope\" itemtype=\"https:\/\/schema.org\/ImageObject\" ><div class=\"avia-image-container-inner\"><div class=\"avia-image-overlay-wrap\"><img decoding=\"async\" fetchpriority=\"high\" class='wp-image-115 avia-img-lazy-loading-not-115 avia_image ' src=\"https:\/\/charpentier-avocats.fr\/wp-content\/uploads\/2025\/10\/icon_enfants-80x80.png\" alt='Droits et obligations \u00e0 l&#039;\u00e9gard des enfants' title='icone_enfants'  height=\"80\" width=\"80\"  itemprop=\"thumbnailUrl\" srcset=\"https:\/\/charpentier-avocats.fr\/wp-content\/uploads\/2025\/10\/icon_enfants-80x80.png 80w, https:\/\/charpentier-avocats.fr\/wp-content\/uploads\/2025\/10\/icon_enfants-36x36.png 36w, https:\/\/charpentier-avocats.fr\/wp-content\/uploads\/2025\/10\/icon_enfants.png 180w\" sizes=\"(max-width: 80px) 100vw, 80px\" \/><\/div><\/div><\/div><br \/>\n\n<style type=\"text\/css\" data-created_by=\"avia_inline_auto\" id=\"style-css-av-mg9eqt4q-9f49acb075f0bac930f14d5cd8c853a1\">\n#top .av_textblock_section.av-mg9eqt4q-9f49acb075f0bac930f14d5cd8c853a1 .avia_textblock{\ncolor:#ffffff;\n}\n<\/style>\n<section  class='av_textblock_section av-mg9eqt4q-9f49acb075f0bac930f14d5cd8c853a1 '   itemscope=\"itemscope\" itemtype=\"https:\/\/schema.org\/CreativeWork\" ><div class='avia_textblock av_inherit_color'  itemprop=\"text\" ><h3 style=\"color: #bb9b64; text-transform: uppercase; text-align: center;\">droits et obligations<br \/>\n\u00e0 l&#8217;\u00e9gard des enfants<\/h3>\n<\/div><\/section><br \/>\n\n<style type=\"text\/css\" data-created_by=\"avia_inline_auto\" id=\"style-css-av-7v4-4b4cb854c9633ee2c6763dac1d8023df\">\n#top .hr.hr-invisible.av-7v4-4b4cb854c9633ee2c6763dac1d8023df{\nheight:10px;\n}\n<\/style>\n<div  class='hr av-7v4-4b4cb854c9633ee2c6763dac1d8023df hr-invisible  avia-builder-el-36  el_after_av_textblock  el_before_av_button '><span class='hr-inner '><span class=\"hr-inner-style\"><\/span><\/span><\/div><br \/>\n<div  class='avia-button-wrap av-k91w-bc1c245d99d4d6eff6f7891bbf5c936e-wrap avia-button-center  avia-builder-el-37  el_after_av_hr  avia-builder-el-last '>\n<style type=\"text\/css\" data-created_by=\"avia_inline_auto\" id=\"style-css-av-k91w-bc1c245d99d4d6eff6f7891bbf5c936e\">\n#top #wrap_all .avia-button.av-k91w-bc1c245d99d4d6eff6f7891bbf5c936e{\nbackground-color:#ffffff;\nborder-color:#ffffff;\ncolor:#000000;\ntransition:all 0.4s ease-in-out;\n}\n#top #wrap_all .avia-button.av-k91w-bc1c245d99d4d6eff6f7891bbf5c936e .avia-svg-icon svg:first-child{\nfill:#000000;\nstroke:#000000;\n}\n<\/style>\n<a href='https:\/\/charpentier-avocats.fr\/index.php\/droits-et-obligations-a-l-egard-des-enfants\/#enfants'  class='avia-button av-k91w-bc1c245d99d4d6eff6f7891bbf5c936e av-link-btn avia-icon_select-no avia-size-medium avia-position-center'   aria-label=\"en savoir plus\"><span class='avia_iconbox_title' >en savoir plus<\/span><\/a><\/div><\/p><\/div><\/div><!--close column table wrapper. Autoclose: 1 --><div class='flex_column_table av-mg9h1ye1-a04bd96729d8923b578d0c81b254f383 sc-av_one_third av-equal-height-column-flextable'>\n<style type=\"text\/css\" data-created_by=\"avia_inline_auto\" id=\"style-css-av-mg9h1ye1-a04bd96729d8923b578d0c81b254f383\">\n.flex_column.av-mg9h1ye1-a04bd96729d8923b578d0c81b254f383{\npadding:0 0 0 0;\n}\n<\/style>\n<div  class='flex_column av-mg9h1ye1-a04bd96729d8923b578d0c81b254f383 av_one_third  avia-builder-el-38  el_after_av_one_third  el_before_av_one_third  first flex_column_table_cell av-equal-height-column av-align-top av-zero-column-padding  column-top-margin'     ><p>\n<style type=\"text\/css\" data-created_by=\"avia_inline_auto\" id=\"style-css-av-mg9ewbg2-b99a508b7d6d6088a8e76ba5d5fc12f0\">\n.avia-image-container.av-mg9ewbg2-b99a508b7d6d6088a8e76ba5d5fc12f0 img.avia_image{\nbox-shadow:none;\n}\n.avia-image-container.av-mg9ewbg2-b99a508b7d6d6088a8e76ba5d5fc12f0 .av-image-caption-overlay-center{\ncolor:#ffffff;\n}\n<\/style>\n<div  class='avia-image-container av-mg9ewbg2-b99a508b7d6d6088a8e76ba5d5fc12f0 av-styling- avia-align-center  avia-builder-el-39  el_before_av_textblock  avia-builder-el-first '   itemprop=\"image\" itemscope=\"itemscope\" itemtype=\"https:\/\/schema.org\/ImageObject\" ><div class=\"avia-image-container-inner\"><div class=\"avia-image-overlay-wrap\"><img decoding=\"async\" fetchpriority=\"high\" class='wp-image-117 avia-img-lazy-loading-not-117 avia_image ' src=\"https:\/\/charpentier-avocats.fr\/wp-content\/uploads\/2025\/10\/icon_regimes-matrimoniaux-80x80.png\" alt='Droit des r\u00e9gimes matrimoniaux et de l\u2019indivision' title='icone_regimes-matrimoniaux'  height=\"80\" width=\"80\"  itemprop=\"thumbnailUrl\" srcset=\"https:\/\/charpentier-avocats.fr\/wp-content\/uploads\/2025\/10\/icon_regimes-matrimoniaux-80x80.png 80w, https:\/\/charpentier-avocats.fr\/wp-content\/uploads\/2025\/10\/icon_regimes-matrimoniaux-36x36.png 36w, https:\/\/charpentier-avocats.fr\/wp-content\/uploads\/2025\/10\/icon_regimes-matrimoniaux.png 180w\" sizes=\"(max-width: 80px) 100vw, 80px\" \/><\/div><\/div><\/div><br \/>\n\n<style type=\"text\/css\" data-created_by=\"avia_inline_auto\" id=\"style-css-av-mg9gouvl-ec7e58d12fd8e1d814602ca2d1c3a5cd\">\n#top .av_textblock_section.av-mg9gouvl-ec7e58d12fd8e1d814602ca2d1c3a5cd .avia_textblock{\ncolor:#ffffff;\n}\n<\/style>\n<section  class='av_textblock_section av-mg9gouvl-ec7e58d12fd8e1d814602ca2d1c3a5cd '   itemscope=\"itemscope\" itemtype=\"https:\/\/schema.org\/CreativeWork\" ><div class='avia_textblock av_inherit_color'  itemprop=\"text\" ><h3 style=\"color: #bb9b64; text-transform: uppercase; text-align: center;\">droit des r\u00e9gimes<br \/>\nmatrimoniaux et<br \/>\nde l\u2019indivision<\/h3>\n<\/div><\/section><br \/>\n\n<style type=\"text\/css\" data-created_by=\"avia_inline_auto\" id=\"style-css-av-ihkm-e562d1f76447ea8ac46f665fabf7cf9d\">\n#top .hr.hr-invisible.av-ihkm-e562d1f76447ea8ac46f665fabf7cf9d{\nheight:10px;\n}\n<\/style>\n<div  class='hr av-ihkm-e562d1f76447ea8ac46f665fabf7cf9d hr-invisible  avia-builder-el-41  el_after_av_textblock  el_before_av_button '><span class='hr-inner '><span class=\"hr-inner-style\"><\/span><\/span><\/div><br \/>\n<div  class='avia-button-wrap av-f8tk-a5db252a3384791b824f9e6a8e425969-wrap avia-button-center  avia-builder-el-42  el_after_av_hr  avia-builder-el-last '>\n<style type=\"text\/css\" data-created_by=\"avia_inline_auto\" id=\"style-css-av-f8tk-a5db252a3384791b824f9e6a8e425969\">\n#top #wrap_all .avia-button.av-f8tk-a5db252a3384791b824f9e6a8e425969{\nbackground-color:#ffffff;\nborder-color:#ffffff;\ncolor:#000000;\ntransition:all 0.4s ease-in-out;\n}\n#top #wrap_all .avia-button.av-f8tk-a5db252a3384791b824f9e6a8e425969 .avia-svg-icon svg:first-child{\nfill:#000000;\nstroke:#000000;\n}\n<\/style>\n<a href='https:\/\/charpentier-avocats.fr\/index.php\/droit-des-regimes-matrimoniaux-et-de-l-indivision\/#matrimoniaux'  class='avia-button av-f8tk-a5db252a3384791b824f9e6a8e425969 av-link-btn avia-icon_select-no avia-size-medium avia-position-center'   aria-label=\"en savoir plus\"><span class='avia_iconbox_title' >en savoir plus<\/span><\/a><\/div><\/p><\/div><div class='av-flex-placeholder'><\/div>\n<style type=\"text\/css\" data-created_by=\"avia_inline_auto\" id=\"style-css-av-mg9h2300-cf6ce3d24ba04065ffd7c1e97c7dd208\">\n.flex_column.av-mg9h2300-cf6ce3d24ba04065ffd7c1e97c7dd208{\npadding:0 0 0 0;\n}\n<\/style>\n<div  class='flex_column av-mg9h2300-cf6ce3d24ba04065ffd7c1e97c7dd208 av_one_third  avia-builder-el-43  el_after_av_one_third  el_before_av_one_third  flex_column_table_cell av-equal-height-column av-align-top av-zero-column-padding  column-top-margin'     ><p>\n<style type=\"text\/css\" data-created_by=\"avia_inline_auto\" id=\"style-css-av-mg9gpf7x-fd3b4b498abecd5b69f16f0d7af1b799\">\n.avia-image-container.av-mg9gpf7x-fd3b4b498abecd5b69f16f0d7af1b799 img.avia_image{\nbox-shadow:none;\n}\n.avia-image-container.av-mg9gpf7x-fd3b4b498abecd5b69f16f0d7af1b799 .av-image-caption-overlay-center{\ncolor:#ffffff;\n}\n<\/style>\n<div  class='avia-image-container av-mg9gpf7x-fd3b4b498abecd5b69f16f0d7af1b799 av-styling- avia-align-center  avia-builder-el-44  el_before_av_textblock  avia-builder-el-first '   itemprop=\"image\" itemscope=\"itemscope\" itemtype=\"https:\/\/schema.org\/ImageObject\" ><div class=\"avia-image-container-inner\"><div class=\"avia-image-overlay-wrap\"><img decoding=\"async\" fetchpriority=\"high\" class='wp-image-116 avia-img-lazy-loading-not-116 avia_image ' src=\"https:\/\/charpentier-avocats.fr\/wp-content\/uploads\/2025\/10\/icon_majeurs-proteges-80x80.png\" alt='Droit des majeurs prot\u00e9g\u00e9s' title='icone_majeurs-proteges'  height=\"80\" width=\"80\"  itemprop=\"thumbnailUrl\" srcset=\"https:\/\/charpentier-avocats.fr\/wp-content\/uploads\/2025\/10\/icon_majeurs-proteges-80x80.png 80w, https:\/\/charpentier-avocats.fr\/wp-content\/uploads\/2025\/10\/icon_majeurs-proteges-36x36.png 36w, https:\/\/charpentier-avocats.fr\/wp-content\/uploads\/2025\/10\/icon_majeurs-proteges.png 180w\" sizes=\"(max-width: 80px) 100vw, 80px\" \/><\/div><\/div><\/div><br \/>\n\n<style type=\"text\/css\" data-created_by=\"avia_inline_auto\" id=\"style-css-av-mg9gpnhl-e398eea5c71ef199336f0d29ea3179df\">\n#top .av_textblock_section.av-mg9gpnhl-e398eea5c71ef199336f0d29ea3179df .avia_textblock{\ncolor:#ffffff;\n}\n<\/style>\n<section  class='av_textblock_section av-mg9gpnhl-e398eea5c71ef199336f0d29ea3179df '   itemscope=\"itemscope\" itemtype=\"https:\/\/schema.org\/CreativeWork\" ><div class='avia_textblock av_inherit_color'  itemprop=\"text\" ><h3 style=\"color: #bb9b64; text-transform: uppercase; text-align: center;\">droit des majeurs<br \/>\nprot\u00e9g\u00e9s<\/h3>\n<\/div><\/section><br \/>\n\n<style type=\"text\/css\" data-created_by=\"avia_inline_auto\" id=\"style-css-av-e44a-e28c8a936fae52328cf9d01608a7334a\">\n#top .hr.hr-invisible.av-e44a-e28c8a936fae52328cf9d01608a7334a{\nheight:10px;\n}\n<\/style>\n<div  class='hr av-e44a-e28c8a936fae52328cf9d01608a7334a hr-invisible  avia-builder-el-46  el_after_av_textblock  el_before_av_button '><span class='hr-inner '><span class=\"hr-inner-style\"><\/span><\/span><\/div><br \/>\n<div  class='avia-button-wrap av-cay6-70a1c32c927a143286df2ce55325b994-wrap avia-button-center  avia-builder-el-47  el_after_av_hr  avia-builder-el-last '>\n<style type=\"text\/css\" data-created_by=\"avia_inline_auto\" id=\"style-css-av-cay6-70a1c32c927a143286df2ce55325b994\">\n#top #wrap_all .avia-button.av-cay6-70a1c32c927a143286df2ce55325b994{\nbackground-color:#ffffff;\nborder-color:#ffffff;\ncolor:#000000;\ntransition:all 0.4s ease-in-out;\n}\n#top #wrap_all .avia-button.av-cay6-70a1c32c927a143286df2ce55325b994 .avia-svg-icon svg:first-child{\nfill:#000000;\nstroke:#000000;\n}\n<\/style>\n<a href='https:\/\/charpentier-avocats.fr\/index.php\/droit-des-majeurs-proteges\/#majeurs'  class='avia-button av-cay6-70a1c32c927a143286df2ce55325b994 av-link-btn avia-icon_select-no avia-size-medium avia-position-center'   aria-label=\"en savoir plus\"><span class='avia_iconbox_title' >en savoir plus<\/span><\/a><\/div><\/p><\/div><div class='av-flex-placeholder'><\/div>\n<style type=\"text\/css\" data-created_by=\"avia_inline_auto\" id=\"style-css-av-mg9h28u0-ed934cb0ab03bd8640372f0689f24388\">\n.flex_column.av-mg9h28u0-ed934cb0ab03bd8640372f0689f24388{\npadding:0 0 0 0;\n}\n<\/style>\n<div  class='flex_column av-mg9h28u0-ed934cb0ab03bd8640372f0689f24388 av_one_third  avia-builder-el-48  el_after_av_one_third  avia-builder-el-last  flex_column_table_cell av-equal-height-column av-align-top av-zero-column-padding  column-top-margin'     ><p>\n<style type=\"text\/css\" data-created_by=\"avia_inline_auto\" id=\"style-css-av-mg9gq6f1-151510721ae335eab3f1db088d3dc1df\">\n.avia-image-container.av-mg9gq6f1-151510721ae335eab3f1db088d3dc1df img.avia_image{\nbox-shadow:none;\n}\n.avia-image-container.av-mg9gq6f1-151510721ae335eab3f1db088d3dc1df .av-image-caption-overlay-center{\ncolor:#ffffff;\n}\n<\/style>\n<div  class='avia-image-container av-mg9gq6f1-151510721ae335eab3f1db088d3dc1df av-styling- avia-align-center  avia-builder-el-49  el_before_av_textblock  avia-builder-el-first '   itemprop=\"image\" itemscope=\"itemscope\" itemtype=\"https:\/\/schema.org\/ImageObject\" ><div class=\"avia-image-container-inner\"><div class=\"avia-image-overlay-wrap\"><img decoding=\"async\" fetchpriority=\"high\" class='wp-image-113 avia-img-lazy-loading-not-113 avia_image ' src=\"https:\/\/charpentier-avocats.fr\/wp-content\/uploads\/2025\/10\/icon_adoption-80x80.png\" alt='Droit de l\u2019adoption, simple et pl\u00e9ni\u00e8re' title='icone_adoption'  height=\"80\" width=\"80\"  itemprop=\"thumbnailUrl\" srcset=\"https:\/\/charpentier-avocats.fr\/wp-content\/uploads\/2025\/10\/icon_adoption-80x80.png 80w, https:\/\/charpentier-avocats.fr\/wp-content\/uploads\/2025\/10\/icon_adoption-36x36.png 36w, https:\/\/charpentier-avocats.fr\/wp-content\/uploads\/2025\/10\/icon_adoption.png 180w\" sizes=\"(max-width: 80px) 100vw, 80px\" \/><\/div><\/div><\/div><br \/>\n\n<style type=\"text\/css\" data-created_by=\"avia_inline_auto\" id=\"style-css-av-mg9gqfmv-0f7f1ce203893cdc54855a1f106dfe89\">\n#top .av_textblock_section.av-mg9gqfmv-0f7f1ce203893cdc54855a1f106dfe89 .avia_textblock{\ncolor:#ffffff;\n}\n<\/style>\n<section  class='av_textblock_section av-mg9gqfmv-0f7f1ce203893cdc54855a1f106dfe89 '   itemscope=\"itemscope\" itemtype=\"https:\/\/schema.org\/CreativeWork\" ><div class='avia_textblock av_inherit_color'  itemprop=\"text\" ><h3 style=\"color: #bb9b64; text-transform: uppercase; text-align: center;\">droit de l\u2019adoption,<br \/>\nsimple et pl\u00e9ni\u00e8re<\/h3>\n<\/div><\/section><br \/>\n\n<style type=\"text\/css\" data-created_by=\"avia_inline_auto\" id=\"style-css-av-8wie-4c532a64859771e55dfc6f47ff0e1c8c\">\n#top .hr.hr-invisible.av-8wie-4c532a64859771e55dfc6f47ff0e1c8c{\nheight:10px;\n}\n<\/style>\n<div  class='hr av-8wie-4c532a64859771e55dfc6f47ff0e1c8c hr-invisible  avia-builder-el-51  el_after_av_textblock  el_before_av_button '><span class='hr-inner '><span class=\"hr-inner-style\"><\/span><\/span><\/div><br \/>\n<div  class='avia-button-wrap av-pzw-0a065f91f26ad45d8d9d98af0f038b50-wrap avia-button-center  avia-builder-el-52  el_after_av_hr  avia-builder-el-last '>\n<style type=\"text\/css\" data-created_by=\"avia_inline_auto\" id=\"style-css-av-pzw-0a065f91f26ad45d8d9d98af0f038b50\">\n#top #wrap_all .avia-button.av-pzw-0a065f91f26ad45d8d9d98af0f038b50{\nbackground-color:#ffffff;\nborder-color:#ffffff;\ncolor:#000000;\ntransition:all 0.4s ease-in-out;\n}\n#top #wrap_all .avia-button.av-pzw-0a065f91f26ad45d8d9d98af0f038b50 .avia-svg-icon svg:first-child{\nfill:#000000;\nstroke:#000000;\n}\n<\/style>\n<a href='https:\/\/charpentier-avocats.fr\/index.php\/droit-de-l-adoption-simple-et-pleniere\/#adoption'  class='avia-button av-pzw-0a065f91f26ad45d8d9d98af0f038b50 av-link-btn avia-icon_select-no avia-size-medium avia-position-center'   aria-label=\"en savoir plus\"><span class='avia_iconbox_title' >en savoir plus<\/span><\/a><\/div><\/p><\/div><\/div><!--close column table wrapper. Autoclose: 1 -->\n\n<\/div><\/div><\/div><!-- close content main div --><\/div><\/div><div id='formulaire'  class='avia-section av-mg9heeil-445cecee3b2c40adb9cb74c8450574cf main_color avia-section-large avia-no-border-styling  avia-builder-el-53  el_after_av_section  el_before_av_section  avia-bg-style-scroll container_wrap sidebar_right'  ><div class='container av-section-cont-open' ><div class='template-page content  av-content-small alpha units'><div class='post-entry post-entry-type-page post-entry-2'><div class='entry-content-wrapper clearfix'>\n<div  class='flex_column av-4xz0-5d65a6019dafc941ce67933b6299e5e8 av_one_half  avia-builder-el-54  el_before_av_one_half  avia-builder-el-first  first flex_column_div  '     ><section  class='av_textblock_section av-mg9hdazp-5fc70bce90ea1015746916a738c63003 '   itemscope=\"itemscope\" itemtype=\"https:\/\/schema.org\/CreativeWork\" ><div class='avia_textblock'  itemprop=\"text\" ><h2 style=\"text-transform: capitalize; color: #bb9b64;\">Contact &#038; Acc\u00e8s<\/h2>\n<p style=\"text-align: justify;\"><img loading=\"lazy\" decoding=\"async\" class=\" wp-image-19 alignleft\" src=\"http:\/\/charpentier-avocats.fr\/wp-content\/uploads\/2025\/10\/logo.png\" alt=\"\" width=\"60\" height=\"60\" srcset=\"https:\/\/charpentier-avocats.fr\/wp-content\/uploads\/2025\/10\/logo.png 250w, https:\/\/charpentier-avocats.fr\/wp-content\/uploads\/2025\/10\/logo-80x80.png 80w, https:\/\/charpentier-avocats.fr\/wp-content\/uploads\/2025\/10\/logo-36x36.png 36w, https:\/\/charpentier-avocats.fr\/wp-content\/uploads\/2025\/10\/logo-180x180.png 180w\" sizes=\"auto, (max-width: 60px) 100vw, 60px\" \/>Ma\u00eetre Fanny CHARPENTIER<br \/>\nDROIT DE LA FAMILLE,<br \/>\nDES SUCCESSIONS ET DU PATRIMOINE<\/p>\n<h4 style=\"color: #bb9b64;\">Horaires d&#8217;ouverture du secr\u00e9tariat<\/h4>\n<p>9 h 00 &#8211; 12 h 30 et 14 h 00 &#8211; 17 h 30<\/p>\n<h4 style=\"color: #bb9b64;\">Adresse<\/h4>\n<p>26, Avenue de Saint Cloud<br \/>\n78000 VERSAILLES<\/p>\n<h4 style=\"color: #bb9b64;\">T\u00e9l\u00e9phone<\/h4>\n<p>01 39 50 00 46<\/p>\n<h4 style=\"color: #bb9b64;\">Adresses email<\/h4>\n<p>\u2022 f.charpentier.avocat@gmail.com<br \/>\n\u2022 cabinet@charpentier-avocats.fr<\/p>\n<h4 style=\"color: #bb9b64;\">Acces<\/h4>\n<p>\u2022 Parking Saint Cloud<br \/>\n\u2022 Gares des Chantiers \/ Rive Gauche \/ Rive Droite<\/p>\n<\/div><\/section><\/div><div  class='flex_column av-3v62-67124eafc684b3ff6f9f36853de680a7 av_one_half  avia-builder-el-56  el_after_av_one_half  avia-builder-el-last  flex_column_div  '     ><section  class='av_textblock_section av-mg9hpcs8-72d52aac426b54295eb6ca0c782dee11 '   itemscope=\"itemscope\" itemtype=\"https:\/\/schema.org\/CreativeWork\" ><div class='avia_textblock'  itemprop=\"text\" ><h2 style=\"text-transform: capitalize; color: #bb9b64;\">Envoyer un message<\/h2>\n<\/div><\/section><br \/>\n<form action=\"https:\/\/charpentier-avocats.fr\/\" method=\"post\" data-fields-with-error=\"Found errors in the following field(s):\" class=\"avia_ajax_form av-form-labels-hidden   avia-builder-el-58  el_after_av_textblock  el_before_av_codeblock   \" data-avia-form-id=\"1\" data-avia-redirect=''  aria-label='Contact Form' ><fieldset><p class='  first_form  form_element form_fullwidth' id='element_avia_1_1'><label for=\"avia_1_1\">Nom <abbr class=\"required\" title=\"required\">*<\/abbr><\/label> <input name=\"avia_1_1\" class=\"text_input is_empty\" type=\"text\" id=\"avia_1_1\" value=\"\"  placeholder='Nom*'\/><\/p><p class='  first_form  form_element form_fullwidth' id='element_avia_2_1'><label for=\"avia_2_1\">Pr\u00e9nom<\/label> <input name=\"avia_2_1\" class=\"text_input \" type=\"text\" id=\"avia_2_1\" value=\"\"  placeholder='Pr\u00e9nom'\/><\/p><p class='  first_form  form_element form_fullwidth' id='element_avia_3_1'><label for=\"avia_3_1\">Email <abbr class=\"required\" title=\"required\">*<\/abbr><\/label> <input name=\"avia_3_1\" class=\"text_input is_email\" type=\"text\" id=\"avia_3_1\" value=\"\"  placeholder='Email*'\/><\/p><p class='  first_form  form_element form_fullwidth' id='element_avia_4_1'><label for=\"avia_4_1\">T\u00e9l\u00e9phone <abbr class=\"required\" title=\"required\">*<\/abbr><\/label> <input name=\"avia_4_1\" class=\"text_input is_phone\" type=\"text\" id=\"avia_4_1\" value=\"\"  placeholder='T\u00e9l\u00e9phone*'\/><\/p><p class='  first_form  form_element form_fullwidth' id='element_avia_5_1'><label for=\"avia_5_1\">Sujet<\/label> <input name=\"avia_5_1\" class=\"text_input \" type=\"text\" id=\"avia_5_1\" value=\"\"  placeholder='Sujet'\/><\/p><p class='  first_form  form_element form_fullwidth av-last-visible-form-element' id='element_avia_6_1'><label for=\"avia_6_1\" class=\"textare_label hidden textare_label_avia_6_1\">Message<\/label><textarea  placeholder='Message' name=\"avia_6_1\" class=\"text_area \" cols=\"40\" rows=\"7\" id=\"avia_6_1\" ><\/textarea><\/p><p class=\"hidden\"><input type=\"text\" name=\"avia_7_1\" class=\"hidden \" id=\"avia_7_1\" value=\"\" \/><\/p><p class=\"form_element \"><input type=\"hidden\" value=\"1\" name=\"avia_generated_form1\" \/><input type=\"submit\" value=\"ENVOYER\" class=\"button\"  data-sending-label=\"Sending\"\/><\/p><\/fieldset><\/form><div id=\"ajaxresponse_1\" class=\"ajaxresponse ajaxresponse_1 hidden\"><\/div><br \/>\n<\/p><\/div><\/div><\/div><\/div><!-- close content main div --><\/div><\/div>\n<style type=\"text\/css\" data-created_by=\"avia_inline_auto\" id=\"style-css-av-mg9jsnen-6955a7e7ab060e0cab0decd17b05aa51\">\n.avia-section.av-mg9jsnen-6955a7e7ab060e0cab0decd17b05aa51{\nbackground-color:#f4f3f3;\nbackground-image:unset;\n}\n<\/style>\n<div id='av_section_5'  class='avia-section av-mg9jsnen-6955a7e7ab060e0cab0decd17b05aa51 main_color avia-section-no-padding avia-no-border-styling  avia-builder-el-60  el_after_av_section  avia-builder-el-last  avia-bg-style-scroll container_wrap sidebar_right'  ><div class='container av-section-cont-open' ><div class='template-page content  av-content-small alpha units'><div class='post-entry post-entry-type-page post-entry-2'><div class='entry-content-wrapper clearfix'>\n<section  class='av_textblock_section av-mg9jpi5u-af02974432ded17d4aa1bdd6bfb1dfb7 '   itemscope=\"itemscope\" itemtype=\"https:\/\/schema.org\/CreativeWork\" ><div class='avia_textblock'  itemprop=\"text\" ><p><iframe loading=\"lazy\" style=\"border: 0;\" src=\"https:\/\/www.google.com\/maps\/embed?pb=!1m18!1m12!1m3!1d5255.606983226029!2d2.1318672999999997!3d48.804729!2m3!1f0!2f0!3f0!3m2!1i1024!2i768!4f13.1!3m3!1m2!1s0x47e67c4e2c4a7861%3A0xf6321eb88cb8bb3b!2sCHARPENTIER%20FANNY!5e0!3m2!1sfr!2sfr!4v1759417382835!5m2!1sfr!2sfr\" width=\"100%\" height=\"300\" allowfullscreen=\"allowfullscreen\"><\/iframe><\/p>\n<\/div><\/section>\n<\/div><\/div><\/div><!-- close content main div --><\/div><\/div><div id='after_section_5'  class='main_color av_default_container_wrap container_wrap sidebar_right'  ><div class='container av-section-cont-open' ><div class='template-page content  av-content-small alpha units'><div class='post-entry post-entry-type-page post-entry-2'><div class='entry-content-wrapper clearfix'><\/p>\n","protected":false},"excerpt":{"rendered":"","protected":false},"author":1,"featured_media":0,"parent":0,"menu_order":0,"comment_status":"closed","ping_status":"open","template":"","meta":{"footnotes":""},"class_list":["post-2","page","type-page","status-publish","hentry"],"yoast_head":"<!-- This site is optimized with the Yoast SEO plugin v26.0 - https:\/\/yoast.com\/wordpress\/plugins\/seo\/ -->\n<title>Fanny CHARPENTIER - Avocat \u00e0 la Cour de Versailles<\/title>\n<meta name=\"description\" content=\"Le Cabinet CHARPENTIER intervient en droit de la Famille et du Patrimoine, recouvrant plusieurs domaines du Droit.\" \/>\n<meta name=\"robots\" content=\"index, follow, max-snippet:-1, max-image-preview:large, max-video-preview:-1\" \/>\n<link rel=\"canonical\" href=\"https:\/\/charpentier-avocats.fr\/\" \/>\n<meta property=\"og:locale\" content=\"en_US\" \/>\n<meta property=\"og:type\" content=\"article\" \/>\n<meta property=\"og:title\" content=\"Fanny CHARPENTIER - Avocat \u00e0 la Cour de Versailles\" \/>\n<meta property=\"og:description\" content=\"Le Cabinet CHARPENTIER intervient en droit de la Famille et du Patrimoine, recouvrant plusieurs domaines du Droit.\" \/>\n<meta property=\"og:url\" content=\"https:\/\/charpentier-avocats.fr\/\" \/>\n<meta property=\"og:site_name\" content=\"Fanny CHARPENTIER\" \/>\n<meta property=\"article:modified_time\" content=\"2026-04-20T14:15:50+00:00\" \/>\n<meta property=\"og:image\" content=\"http:\/\/charpentier-avocats.fr\/wp-content\/uploads\/2025\/10\/ligne.jpg\" \/>\n<meta name=\"twitter:card\" content=\"summary_large_image\" \/>\n<meta name=\"twitter:label1\" content=\"Est. reading time\" \/>\n\t<meta name=\"twitter:data1\" content=\"5 minutes\" \/>\n<script type=\"application\/ld+json\" class=\"yoast-schema-graph\">{\"@context\":\"https:\/\/schema.org\",\"@graph\":[{\"@type\":\"WebPage\",\"@id\":\"https:\/\/charpentier-avocats.fr\/\",\"url\":\"https:\/\/charpentier-avocats.fr\/\",\"name\":\"Fanny CHARPENTIER - Avocat \u00e0 la Cour de Versailles\",\"isPartOf\":{\"@id\":\"https:\/\/charpentier-avocats.fr\/#website\"},\"primaryImageOfPage\":{\"@id\":\"https:\/\/charpentier-avocats.fr\/#primaryimage\"},\"image\":{\"@id\":\"https:\/\/charpentier-avocats.fr\/#primaryimage\"},\"thumbnailUrl\":\"http:\/\/charpentier-avocats.fr\/wp-content\/uploads\/2025\/10\/ligne.jpg\",\"datePublished\":\"2023-09-03T22:58:17+00:00\",\"dateModified\":\"2026-04-20T14:15:50+00:00\",\"description\":\"Le Cabinet CHARPENTIER intervient en droit de la Famille et du Patrimoine, recouvrant plusieurs domaines du Droit.\",\"breadcrumb\":{\"@id\":\"https:\/\/charpentier-avocats.fr\/#breadcrumb\"},\"inLanguage\":\"en-US\",\"potentialAction\":[{\"@type\":\"ReadAction\",\"target\":[\"https:\/\/charpentier-avocats.fr\/\"]}]},{\"@type\":\"ImageObject\",\"inLanguage\":\"en-US\",\"@id\":\"https:\/\/charpentier-avocats.fr\/#primaryimage\",\"url\":\"https:\/\/charpentier-avocats.fr\/wp-content\/uploads\/2025\/10\/ligne.jpg\",\"contentUrl\":\"https:\/\/charpentier-avocats.fr\/wp-content\/uploads\/2025\/10\/ligne.jpg\",\"width\":50,\"height\":1},{\"@type\":\"BreadcrumbList\",\"@id\":\"https:\/\/charpentier-avocats.fr\/#breadcrumb\",\"itemListElement\":[{\"@type\":\"ListItem\",\"position\":1,\"name\":\"Home\",\"item\":\"https:\/\/charpentier-avocats.fr\/\"},{\"@type\":\"ListItem\",\"position\":2,\"name\":\"Fanny CHARPENTIER &#8211; Avocat \u00e0 la Cour de Versailles\"}]},{\"@type\":\"WebSite\",\"@id\":\"https:\/\/charpentier-avocats.fr\/#website\",\"url\":\"https:\/\/charpentier-avocats.fr\/\",\"name\":\"Fanny CHARPENTIER\",\"description\":\"Avocat \u00e0 la cour de Versailles\",\"potentialAction\":[{\"@type\":\"SearchAction\",\"target\":{\"@type\":\"EntryPoint\",\"urlTemplate\":\"https:\/\/charpentier-avocats.fr\/?s={search_term_string}\"},\"query-input\":{\"@type\":\"PropertyValueSpecification\",\"valueRequired\":true,\"valueName\":\"search_term_string\"}}],\"inLanguage\":\"en-US\"}]}<\/script>\n<!-- \/ Yoast SEO plugin. -->","yoast_head_json":{"title":"Fanny CHARPENTIER - Avocat \u00e0 la Cour de Versailles","description":"Le Cabinet CHARPENTIER intervient en droit de la Famille et du Patrimoine, recouvrant plusieurs domaines du Droit.","robots":{"index":"index","follow":"follow","max-snippet":"max-snippet:-1","max-image-preview":"max-image-preview:large","max-video-preview":"max-video-preview:-1"},"canonical":"https:\/\/charpentier-avocats.fr\/","og_locale":"en_US","og_type":"article","og_title":"Fanny CHARPENTIER - Avocat \u00e0 la Cour de Versailles","og_description":"Le Cabinet CHARPENTIER intervient en droit de la Famille et du Patrimoine, recouvrant plusieurs domaines du Droit.","og_url":"https:\/\/charpentier-avocats.fr\/","og_site_name":"Fanny CHARPENTIER","article_modified_time":"2026-04-20T14:15:50+00:00","og_image":[{"url":"http:\/\/charpentier-avocats.fr\/wp-content\/uploads\/2025\/10\/ligne.jpg","type":"","width":"","height":""}],"twitter_card":"summary_large_image","twitter_misc":{"Est. reading time":"5 minutes"},"schema":{"@context":"https:\/\/schema.org","@graph":[{"@type":"WebPage","@id":"https:\/\/charpentier-avocats.fr\/","url":"https:\/\/charpentier-avocats.fr\/","name":"Fanny CHARPENTIER - Avocat \u00e0 la Cour de Versailles","isPartOf":{"@id":"https:\/\/charpentier-avocats.fr\/#website"},"primaryImageOfPage":{"@id":"https:\/\/charpentier-avocats.fr\/#primaryimage"},"image":{"@id":"https:\/\/charpentier-avocats.fr\/#primaryimage"},"thumbnailUrl":"http:\/\/charpentier-avocats.fr\/wp-content\/uploads\/2025\/10\/ligne.jpg","datePublished":"2023-09-03T22:58:17+00:00","dateModified":"2026-04-20T14:15:50+00:00","description":"Le Cabinet CHARPENTIER intervient en droit de la Famille et du Patrimoine, recouvrant plusieurs domaines du Droit.","breadcrumb":{"@id":"https:\/\/charpentier-avocats.fr\/#breadcrumb"},"inLanguage":"en-US","potentialAction":[{"@type":"ReadAction","target":["https:\/\/charpentier-avocats.fr\/"]}]},{"@type":"ImageObject","inLanguage":"en-US","@id":"https:\/\/charpentier-avocats.fr\/#primaryimage","url":"https:\/\/charpentier-avocats.fr\/wp-content\/uploads\/2025\/10\/ligne.jpg","contentUrl":"https:\/\/charpentier-avocats.fr\/wp-content\/uploads\/2025\/10\/ligne.jpg","width":50,"height":1},{"@type":"BreadcrumbList","@id":"https:\/\/charpentier-avocats.fr\/#breadcrumb","itemListElement":[{"@type":"ListItem","position":1,"name":"Home","item":"https:\/\/charpentier-avocats.fr\/"},{"@type":"ListItem","position":2,"name":"Fanny CHARPENTIER &#8211; Avocat \u00e0 la Cour de Versailles"}]},{"@type":"WebSite","@id":"https:\/\/charpentier-avocats.fr\/#website","url":"https:\/\/charpentier-avocats.fr\/","name":"Fanny CHARPENTIER","description":"Avocat \u00e0 la cour de Versailles","potentialAction":[{"@type":"SearchAction","target":{"@type":"EntryPoint","urlTemplate":"https:\/\/charpentier-avocats.fr\/?s={search_term_string}"},"query-input":{"@type":"PropertyValueSpecification","valueRequired":true,"valueName":"search_term_string"}}],"inLanguage":"en-US"}]}},"_links":{"self":[{"href":"https:\/\/charpentier-avocats.fr\/index.php\/wp-json\/wp\/v2\/pages\/2","targetHints":{"allow":["GET"]}}],"collection":[{"href":"https:\/\/charpentier-avocats.fr\/index.php\/wp-json\/wp\/v2\/pages"}],"about":[{"href":"https:\/\/charpentier-avocats.fr\/index.php\/wp-json\/wp\/v2\/types\/page"}],"author":[{"embeddable":true,"href":"https:\/\/charpentier-avocats.fr\/index.php\/wp-json\/wp\/v2\/users\/1"}],"replies":[{"embeddable":true,"href":"https:\/\/charpentier-avocats.fr\/index.php\/wp-json\/wp\/v2\/comments?post=2"}],"version-history":[{"count":187,"href":"https:\/\/charpentier-avocats.fr\/index.php\/wp-json\/wp\/v2\/pages\/2\/revisions"}],"predecessor-version":[{"id":490,"href":"https:\/\/charpentier-avocats.fr\/index.php\/wp-json\/wp\/v2\/pages\/2\/revisions\/490"}],"wp:attachment":[{"href":"https:\/\/charpentier-avocats.fr\/index.php\/wp-json\/wp\/v2\/media?parent=2"}],"curies":[{"name":"wp","href":"https:\/\/api.w.org\/{rel}","templated":true}]}}