{"id":187,"date":"2025-10-02T17:26:53","date_gmt":"2025-10-02T15:26:53","guid":{"rendered":"https:\/\/charpentier-avocats.fr\/?page_id=187"},"modified":"2025-10-04T20:17:28","modified_gmt":"2025-10-04T18:17:28","slug":"equipe","status":"publish","type":"page","link":"https:\/\/charpentier-avocats.fr\/index.php\/equipe\/","title":{"rendered":"Fanny CHARPENTIER &#8211; \u00c9quipe"},"content":{"rendered":"\n<style type=\"text\/css\" data-created_by=\"avia_inline_auto\" id=\"style-css-av-mg8zk1me-d7bece7ecaa6c008b7de40686119f50f\">\n.avia-section.av-mg8zk1me-d7bece7ecaa6c008b7de40686119f50f .av-parallax .av-parallax-inner{\nbackground-repeat:no-repeat;\nbackground-image:url(https:\/\/charpentier-avocats.fr\/wp-content\/uploads\/2025\/10\/maintenance-1-1500x844.jpg);\nbackground-position:50% 50%;\nbackground-attachment:scroll;\n}\n<\/style>\n<div id='av_section_1'  class='avia-section av-mg8zk1me-d7bece7ecaa6c008b7de40686119f50f main_color avia-section-no-padding avia-no-border-styling  avia-builder-el-0  el_before_av_section  avia-builder-el-first  av-parallax-section avia-bg-style-parallax container_wrap sidebar_right'  data-section-bg-repeat='no-repeat'><div class='av-parallax' data-avia-parallax-ratio='0.3' ><div class='av-parallax-inner main_color avia-full-stretch'><\/div><\/div><div class='container av-section-cont-open' ><main  role=\"main\" itemprop=\"mainContentOfPage\"  class='template-page content  av-content-small alpha units'><div class='post-entry post-entry-type-page post-entry-187'><div class='entry-content-wrapper clearfix'>\n<div  class='flex_column av-9dgo-a154ea53566ef3c6fc5a105e53ce4651 av_one_fourth  avia-builder-el-1  el_before_av_one_half  avia-builder-el-first  first flex_column_div  '     ><\/div>\n<style type=\"text\/css\" data-created_by=\"avia_inline_auto\" id=\"style-css-av-mg8zjrpy-101600550658904c419e819ef9eafcbe\">\n.flex_column.av-mg8zjrpy-101600550658904c419e819ef9eafcbe{\npadding:50px 50px 50px 50px;\nbackground-color:rgba(0,0,0,0.6);\n}\n<\/style>\n<div  class='flex_column av-mg8zjrpy-101600550658904c419e819ef9eafcbe av_one_half  avia-builder-el-2  el_after_av_one_fourth  el_before_av_one_fourth  flex_column_div  '     ><p>\n<style type=\"text\/css\" data-created_by=\"avia_inline_auto\" id=\"style-css-av-i5gs-6b055fbff5355a561a7c304f15c19ebe\">\n#top .hr.hr-invisible.av-i5gs-6b055fbff5355a561a7c304f15c19ebe{\nheight:100px;\n}\n<\/style>\n<div  class='hr av-i5gs-6b055fbff5355a561a7c304f15c19ebe hr-invisible  avia-builder-el-3  el_before_av_textblock  avia-builder-el-first  av-small-hide av-mini-hide'><span class='hr-inner '><span class=\"hr-inner-style\"><\/span><\/span><\/div><br \/>\n\n<style type=\"text\/css\" data-created_by=\"avia_inline_auto\" id=\"style-css-av-mg8zgfiy-3c8c32b4e57aad197ec6a4acd4b4352d\">\n#top .av_textblock_section.av-mg8zgfiy-3c8c32b4e57aad197ec6a4acd4b4352d .avia_textblock{\nfont-size:40px;\ncolor:#ffffff;\n}\n<\/style>\n<section  class='av_textblock_section av-mg8zgfiy-3c8c32b4e57aad197ec6a4acd4b4352d '   itemscope=\"itemscope\" itemtype=\"https:\/\/schema.org\/CreativeWork\" ><div class='avia_textblock av_inherit_color'  itemprop=\"text\" ><h1 style=\"text-align: center; text-transform: capitalize;\">\u00c9quipe<\/h1>\n<\/div><\/section><br \/>\n\n<style type=\"text\/css\" data-created_by=\"avia_inline_auto\" id=\"style-css-av-mg9kls2w-19d9e1bf47fc64e2bd504687fc458a57\">\n#top .hr.hr-invisible.av-mg9kls2w-19d9e1bf47fc64e2bd504687fc458a57{\nheight:100px;\n}\n<\/style>\n<div  class='hr av-mg9kls2w-19d9e1bf47fc64e2bd504687fc458a57 hr-invisible  avia-builder-el-5  el_after_av_textblock  avia-builder-el-last  av-small-hide av-mini-hide'><span class='hr-inner '><span class=\"hr-inner-style\"><\/span><\/span><\/div><\/p><\/div><div  class='flex_column av-9yggr-2e405d5911010bec8bf8a6931a0f6481 av_one_fourth  avia-builder-el-6  el_after_av_one_half  avia-builder-el-last  flex_column_div  '     ><\/div><\/div><\/div><\/main><!-- close content main element --><\/div><\/div><div id='presentation'  class='avia-section av-mg92imgu-82e8066b62eb54bad54d631381f3aca3 main_color avia-section-no-padding avia-no-border-styling  avia-builder-el-7  el_after_av_section  avia-builder-el-last  avia-bg-style-scroll container_wrap sidebar_right'  ><div class='container av-section-cont-open' ><div class='template-page content  av-content-small alpha units'><div class='post-entry post-entry-type-page post-entry-187'><div class='entry-content-wrapper clearfix'>\n<div  class='flex_column av-7cto-2b049acfb12ed67b0d2ea7f3319b85cc av_one_half  avia-builder-el-8  el_before_av_one_half  avia-builder-el-first  first flex_column_div  '     ><p>\n<style type=\"text\/css\" data-created_by=\"avia_inline_auto\" id=\"style-css-av-mg9kh4i1-66a67b21b53eb9f3f5fb1984e52c4750\">\n.avia-image-container.av-mg9kh4i1-66a67b21b53eb9f3f5fb1984e52c4750 img.avia_image{\nbox-shadow:none;\n}\n.avia-image-container.av-mg9kh4i1-66a67b21b53eb9f3f5fb1984e52c4750 .av-image-caption-overlay-center{\ncolor:#ffffff;\n}\n<\/style>\n<div  class='avia-image-container av-mg9kh4i1-66a67b21b53eb9f3f5fb1984e52c4750 av-styling- avia-align-center  avia-builder-el-9  el_before_av_textblock  avia-builder-el-first '   itemprop=\"image\" itemscope=\"itemscope\" itemtype=\"https:\/\/schema.org\/ImageObject\" ><div class=\"avia-image-container-inner\"><div class=\"avia-image-overlay-wrap\"><img decoding=\"async\" fetchpriority=\"high\" class='wp-image-188 avia-img-lazy-loading-not-188 avia_image ' src=\"https:\/\/charpentier-avocats.fr\/wp-content\/uploads\/2025\/10\/equipe_Fanny-Charpentier.jpg\" alt='Fanny Charpentier' title='equipe_Fanny-Charpentier'  height=\"1106\" width=\"733\"  itemprop=\"thumbnailUrl\" srcset=\"https:\/\/charpentier-avocats.fr\/wp-content\/uploads\/2025\/10\/equipe_Fanny-Charpentier.jpg 733w, https:\/\/charpentier-avocats.fr\/wp-content\/uploads\/2025\/10\/equipe_Fanny-Charpentier-199x300.jpg 199w, https:\/\/charpentier-avocats.fr\/wp-content\/uploads\/2025\/10\/equipe_Fanny-Charpentier-683x1030.jpg 683w, https:\/\/charpentier-avocats.fr\/wp-content\/uploads\/2025\/10\/equipe_Fanny-Charpentier-467x705.jpg 467w\" sizes=\"(max-width: 733px) 100vw, 733px\" \/><\/div><\/div><\/div><br \/>\n<section  class='av_textblock_section av-mg9kip8h-ed275e337f3a14cb2835f5545221c849 '   itemscope=\"itemscope\" itemtype=\"https:\/\/schema.org\/CreativeWork\" ><div class='avia_textblock'  itemprop=\"text\" ><h4 style=\"color: #bb9b64;line-height:1.2em; \">Ma\u00eetre Fanny CHARPENTIER<\/h4>\n<p>Avocate \u00e0 la Cour de Versailles<\/p>\n<\/div><\/section><\/p><\/div><div  class='flex_column av-mg92pad1-33a1f2682ffe99fc8e5f169f0aa86132 av_one_half  avia-builder-el-11  el_after_av_one_half  avia-builder-el-last  flex_column_div  '     ><p>\n<style type=\"text\/css\" data-created_by=\"avia_inline_auto\" id=\"style-css-av-mg9khqe9-f2f97c288c1097fd82b52ddaef95c197\">\n.avia-image-container.av-mg9khqe9-f2f97c288c1097fd82b52ddaef95c197 img.avia_image{\nbox-shadow:none;\n}\n.avia-image-container.av-mg9khqe9-f2f97c288c1097fd82b52ddaef95c197 .av-image-caption-overlay-center{\ncolor:#ffffff;\n}\n<\/style>\n<div  class='avia-image-container av-mg9khqe9-f2f97c288c1097fd82b52ddaef95c197 av-styling- avia-align-center  avia-builder-el-12  el_before_av_textblock  avia-builder-el-first '   itemprop=\"image\" itemscope=\"itemscope\" itemtype=\"https:\/\/schema.org\/ImageObject\" ><div class=\"avia-image-container-inner\"><div class=\"avia-image-overlay-wrap\"><img decoding=\"async\" fetchpriority=\"high\" class='wp-image-203 avia-img-lazy-loading-not-203 avia_image ' src=\"https:\/\/charpentier-avocats.fr\/wp-content\/uploads\/2025\/10\/equipe_Nathalie-Le-Normand-1.jpg\" alt='Nathalie Le Normand' title='equipe_Nathalie-Le-Normand'  height=\"1106\" width=\"733\"  itemprop=\"thumbnailUrl\" srcset=\"https:\/\/charpentier-avocats.fr\/wp-content\/uploads\/2025\/10\/equipe_Nathalie-Le-Normand-1.jpg 733w, https:\/\/charpentier-avocats.fr\/wp-content\/uploads\/2025\/10\/equipe_Nathalie-Le-Normand-1-199x300.jpg 199w, https:\/\/charpentier-avocats.fr\/wp-content\/uploads\/2025\/10\/equipe_Nathalie-Le-Normand-1-683x1030.jpg 683w, https:\/\/charpentier-avocats.fr\/wp-content\/uploads\/2025\/10\/equipe_Nathalie-Le-Normand-1-467x705.jpg 467w\" sizes=\"(max-width: 733px) 100vw, 733px\" \/><\/div><\/div><\/div><br \/>\n<section  class='av_textblock_section av-mg9kskyt-330b608145268f87e95be2cc00eac3c2 '   itemscope=\"itemscope\" itemtype=\"https:\/\/schema.org\/CreativeWork\" ><div class='avia_textblock'  itemprop=\"text\" ><h4 style=\"color: #bb9b64; line-height: 1.2em;\">Ma\u00eetre Nathalie LE NORMAND<\/h4>\n<p>Avocate collaboratrice<\/p>\n<\/div><\/section><\/p><\/div>\n<\/div><\/div><\/div><!-- close content main div --><\/div><\/div><div id='after_section_2'  class='main_color av_default_container_wrap container_wrap sidebar_right'  ><div class='container av-section-cont-open' ><div class='template-page content  av-content-small alpha units'><div class='post-entry post-entry-type-page post-entry-187'><div class='entry-content-wrapper clearfix'><\/p>\n","protected":false},"excerpt":{"rendered":"","protected":false},"author":1,"featured_media":0,"parent":0,"menu_order":0,"comment_status":"closed","ping_status":"open","template":"","meta":{"footnotes":""},"class_list":["post-187","page","type-page","status-publish","hentry"],"yoast_head":"<!-- This site is optimized with the Yoast SEO plugin v26.0 - https:\/\/yoast.com\/wordpress\/plugins\/seo\/ -->\n<title>Fanny CHARPENTIER - L&#039;\u00e9quipe<\/title>\n<meta name=\"description\" content=\"L&#039;\u00e9quipe : Ma\u00eetre Fanny CHARPENTIER - Avocate \u00e0 la Cour de Versailles | Ma\u00eetre Nathalie LE NORMAND - Avocate collaboratrice\" \/>\n<meta name=\"robots\" content=\"index, follow, max-snippet:-1, max-image-preview:large, max-video-preview:-1\" \/>\n<link rel=\"canonical\" href=\"https:\/\/charpentier-avocats.fr\/index.php\/equipe\/\" \/>\n<meta property=\"og:locale\" content=\"en_US\" \/>\n<meta property=\"og:type\" content=\"article\" \/>\n<meta property=\"og:title\" content=\"Fanny CHARPENTIER - L&#039;\u00e9quipe\" \/>\n<meta property=\"og:description\" content=\"L&#039;\u00e9quipe : Ma\u00eetre Fanny CHARPENTIER - Avocate \u00e0 la Cour de Versailles | Ma\u00eetre Nathalie LE NORMAND - Avocate collaboratrice\" \/>\n<meta property=\"og:url\" content=\"https:\/\/charpentier-avocats.fr\/index.php\/equipe\/\" \/>\n<meta property=\"og:site_name\" content=\"Fanny CHARPENTIER\" \/>\n<meta property=\"article:modified_time\" content=\"2025-10-04T18:17:28+00:00\" \/>\n<meta name=\"twitter:card\" content=\"summary_large_image\" \/>\n<meta name=\"twitter:label1\" content=\"Est. reading time\" \/>\n\t<meta name=\"twitter:data1\" content=\"1 minute\" \/>\n<script type=\"application\/ld+json\" class=\"yoast-schema-graph\">{\"@context\":\"https:\/\/schema.org\",\"@graph\":[{\"@type\":\"WebPage\",\"@id\":\"https:\/\/charpentier-avocats.fr\/index.php\/equipe\/\",\"url\":\"https:\/\/charpentier-avocats.fr\/index.php\/equipe\/\",\"name\":\"Fanny CHARPENTIER - L'\u00e9quipe\",\"isPartOf\":{\"@id\":\"https:\/\/charpentier-avocats.fr\/#website\"},\"datePublished\":\"2025-10-02T15:26:53+00:00\",\"dateModified\":\"2025-10-04T18:17:28+00:00\",\"description\":\"L'\u00e9quipe : Ma\u00eetre Fanny CHARPENTIER - Avocate \u00e0 la Cour de Versailles | Ma\u00eetre Nathalie LE NORMAND - Avocate collaboratrice\",\"breadcrumb\":{\"@id\":\"https:\/\/charpentier-avocats.fr\/index.php\/equipe\/#breadcrumb\"},\"inLanguage\":\"en-US\",\"potentialAction\":[{\"@type\":\"ReadAction\",\"target\":[\"https:\/\/charpentier-avocats.fr\/index.php\/equipe\/\"]}]},{\"@type\":\"BreadcrumbList\",\"@id\":\"https:\/\/charpentier-avocats.fr\/index.php\/equipe\/#breadcrumb\",\"itemListElement\":[{\"@type\":\"ListItem\",\"position\":1,\"name\":\"Home\",\"item\":\"https:\/\/charpentier-avocats.fr\/\"},{\"@type\":\"ListItem\",\"position\":2,\"name\":\"Fanny CHARPENTIER &#8211; \u00c9quipe\"}]},{\"@type\":\"WebSite\",\"@id\":\"https:\/\/charpentier-avocats.fr\/#website\",\"url\":\"https:\/\/charpentier-avocats.fr\/\",\"name\":\"Fanny CHARPENTIER\",\"description\":\"Avocat \u00e0 la cour de Versailles\",\"potentialAction\":[{\"@type\":\"SearchAction\",\"target\":{\"@type\":\"EntryPoint\",\"urlTemplate\":\"https:\/\/charpentier-avocats.fr\/?s={search_term_string}\"},\"query-input\":{\"@type\":\"PropertyValueSpecification\",\"valueRequired\":true,\"valueName\":\"search_term_string\"}}],\"inLanguage\":\"en-US\"}]}<\/script>\n<!-- \/ Yoast SEO plugin. -->","yoast_head_json":{"title":"Fanny CHARPENTIER - L'\u00e9quipe","description":"L'\u00e9quipe : Ma\u00eetre Fanny CHARPENTIER - Avocate \u00e0 la Cour de Versailles | Ma\u00eetre Nathalie LE NORMAND - Avocate collaboratrice","robots":{"index":"index","follow":"follow","max-snippet":"max-snippet:-1","max-image-preview":"max-image-preview:large","max-video-preview":"max-video-preview:-1"},"canonical":"https:\/\/charpentier-avocats.fr\/index.php\/equipe\/","og_locale":"en_US","og_type":"article","og_title":"Fanny CHARPENTIER - L'\u00e9quipe","og_description":"L'\u00e9quipe : Ma\u00eetre Fanny CHARPENTIER - Avocate \u00e0 la Cour de Versailles | Ma\u00eetre Nathalie LE NORMAND - Avocate collaboratrice","og_url":"https:\/\/charpentier-avocats.fr\/index.php\/equipe\/","og_site_name":"Fanny CHARPENTIER","article_modified_time":"2025-10-04T18:17:28+00:00","twitter_card":"summary_large_image","twitter_misc":{"Est. reading time":"1 minute"},"schema":{"@context":"https:\/\/schema.org","@graph":[{"@type":"WebPage","@id":"https:\/\/charpentier-avocats.fr\/index.php\/equipe\/","url":"https:\/\/charpentier-avocats.fr\/index.php\/equipe\/","name":"Fanny CHARPENTIER - L'\u00e9quipe","isPartOf":{"@id":"https:\/\/charpentier-avocats.fr\/#website"},"datePublished":"2025-10-02T15:26:53+00:00","dateModified":"2025-10-04T18:17:28+00:00","description":"L'\u00e9quipe : Ma\u00eetre Fanny CHARPENTIER - Avocate \u00e0 la Cour de Versailles | Ma\u00eetre Nathalie LE NORMAND - Avocate collaboratrice","breadcrumb":{"@id":"https:\/\/charpentier-avocats.fr\/index.php\/equipe\/#breadcrumb"},"inLanguage":"en-US","potentialAction":[{"@type":"ReadAction","target":["https:\/\/charpentier-avocats.fr\/index.php\/equipe\/"]}]},{"@type":"BreadcrumbList","@id":"https:\/\/charpentier-avocats.fr\/index.php\/equipe\/#breadcrumb","itemListElement":[{"@type":"ListItem","position":1,"name":"Home","item":"https:\/\/charpentier-avocats.fr\/"},{"@type":"ListItem","position":2,"name":"Fanny CHARPENTIER &#8211; \u00c9quipe"}]},{"@type":"WebSite","@id":"https:\/\/charpentier-avocats.fr\/#website","url":"https:\/\/charpentier-avocats.fr\/","name":"Fanny CHARPENTIER","description":"Avocat \u00e0 la cour de Versailles","potentialAction":[{"@type":"SearchAction","target":{"@type":"EntryPoint","urlTemplate":"https:\/\/charpentier-avocats.fr\/?s={search_term_string}"},"query-input":{"@type":"PropertyValueSpecification","valueRequired":true,"valueName":"search_term_string"}}],"inLanguage":"en-US"}]}},"_links":{"self":[{"href":"https:\/\/charpentier-avocats.fr\/index.php\/wp-json\/wp\/v2\/pages\/187","targetHints":{"allow":["GET"]}}],"collection":[{"href":"https:\/\/charpentier-avocats.fr\/index.php\/wp-json\/wp\/v2\/pages"}],"about":[{"href":"https:\/\/charpentier-avocats.fr\/index.php\/wp-json\/wp\/v2\/types\/page"}],"author":[{"embeddable":true,"href":"https:\/\/charpentier-avocats.fr\/index.php\/wp-json\/wp\/v2\/users\/1"}],"replies":[{"embeddable":true,"href":"https:\/\/charpentier-avocats.fr\/index.php\/wp-json\/wp\/v2\/comments?post=187"}],"version-history":[{"count":13,"href":"https:\/\/charpentier-avocats.fr\/index.php\/wp-json\/wp\/v2\/pages\/187\/revisions"}],"predecessor-version":[{"id":485,"href":"https:\/\/charpentier-avocats.fr\/index.php\/wp-json\/wp\/v2\/pages\/187\/revisions\/485"}],"wp:attachment":[{"href":"https:\/\/charpentier-avocats.fr\/index.php\/wp-json\/wp\/v2\/media?parent=187"}],"curies":[{"name":"wp","href":"https:\/\/api.w.org\/{rel}","templated":true}]}}